{"id":23561,"date":"2024-01-06T22:54:56","date_gmt":"2024-01-06T22:54:56","guid":{"rendered":"https:\/\/rodeiodevacaria.com\/2026\/?page_id=23561"},"modified":"2025-11-25T19:11:54","modified_gmt":"2025-11-25T19:11:54","slug":"programacao","status":"publish","type":"page","link":"https:\/\/rodeiodevacaria.com\/2026\/programacao\/","title":{"rendered":"Programa\u00e7\u00e3o"},"content":{"rendered":"\t\t<div data-elementor-type=\"wp-page\" data-elementor-id=\"23561\" class=\"elementor elementor-23561\">\n\t\t\t\t\t\t\t\t\t<section class=\"elementor-section elementor-top-section elementor-element elementor-element-413f106 elementor-section-boxed elementor-section-height-default elementor-section-height-default wpr-particle-no wpr-jarallax-no wpr-parallax-no wpr-sticky-section-no wpr-equal-height-no sc_fly_static\" data-id=\"413f106\" data-element_type=\"section\">\n\t\t\t\t\t\t<div class=\"elementor-container elementor-column-gap-extended\">\n\t\t\t\t\t<div class=\"elementor-column elementor-col-100 elementor-top-column elementor-element elementor-element-db76bfa sc_inner_width_none sc_content_align_inherit sc_layouts_column_icons_position_left sc_fly_static\" data-id=\"db76bfa\" data-element_type=\"column\">\n\t\t\t<div class=\"elementor-widget-wrap\">\n\t\t\t\t\t\t\t\t\t<\/div>\n\t\t<\/div>\n\t\t\t\t\t\t\t<\/div>\n\t\t<\/section>\n\t\t\t\t<section class=\"elementor-section elementor-top-section elementor-element elementor-element-d6449a1 elementor-section-boxed elementor-section-height-default elementor-section-height-default wpr-particle-no wpr-jarallax-no wpr-parallax-no wpr-sticky-section-no wpr-equal-height-no sc_fly_static\" data-id=\"d6449a1\" data-element_type=\"section\">\n\t\t\t\t\t\t<div class=\"elementor-container elementor-column-gap-extended\">\n\t\t\t\t\t<div class=\"elementor-column elementor-col-100 elementor-top-column elementor-element elementor-element-8feedc7 sc_inner_width_none sc_content_align_inherit sc_layouts_column_icons_position_left sc_fly_static\" data-id=\"8feedc7\" data-element_type=\"column\">\n\t\t\t<div class=\"elementor-widget-wrap elementor-element-populated\">\n\t\t\t\t\t\t\t\t<div class=\"elementor-element elementor-element-16a2663 sc_fly_static elementor-widget elementor-widget-spacer\" data-id=\"16a2663\" data-element_type=\"widget\" data-widget_type=\"spacer.default\">\n\t\t\t\t<div class=\"elementor-widget-container\">\n\t\t\t\t\t<div class=\"elementor-spacer\">\n\t\t\t<div class=\"elementor-spacer-inner\"><\/div>\n\t\t<\/div>\n\t\t\t\t<\/div>\n\t\t\t\t<\/div>\n\t\t\t\t<div class=\"elementor-element elementor-element-b47c38f sc_fly_static elementor-widget elementor-widget-trx_sc_title\" data-id=\"b47c38f\" data-element_type=\"widget\" data-widget_type=\"trx_sc_title.default\">\n\t\t\t\t<div class=\"elementor-widget-container\">\n\t\t\t<div\t\tclass=\"sc_title sc_title_default\" ><span class=\"sc_item_subtitle sc_title_subtitle sc_align_center sc_item_subtitle_above sc_item_title_style_default\">Participe de todos os eventos<\/span><h1 class=\"sc_item_title sc_title_title sc_align_center sc_item_title_style_default sc_item_title_tag\"\n\t\t\t><span class=\"sc_item_title_text\">Programa\u00e7\u00f5es<\/span><\/h1><\/div>\t\t<\/div>\n\t\t\t\t<\/div>\n\t\t\t\t<div class=\"elementor-element elementor-element-e032e4f sc_fly_static elementor-widget elementor-widget-trx_sc_button\" data-id=\"e032e4f\" data-element_type=\"widget\" data-widget_type=\"trx_sc_button.default\">\n\t\t\t\t<div class=\"elementor-widget-container\">\n\t\t\t<div\tclass=\"sc_item_button sc_button_wrap sc_align_center\" ><a href=\"https:\/\/rodeiodevacaria.com\/2026\/wp-content\/uploads\/2025\/11\/PROG-artistica-dentro.pdf\" class=\"sc_button sc_button_default sc_button_size_normal sc_button_icon_left\" ><span class=\"sc_button_text\"><span class=\"sc_button_title\">Acesse aqui a programa\u00e7\u00e3o completa do 36\u00ba Rodeio Crioulo Internacional de Vacaria<\/span><\/span><\/a><\/div>\t\t<\/div>\n\t\t\t\t<\/div>\n\t\t\t\t<div class=\"elementor-element elementor-element-0366294 sc_fly_static elementor-widget elementor-widget-trx_sc_button\" data-id=\"0366294\" data-element_type=\"widget\" data-widget_type=\"trx_sc_button.default\">\n\t\t\t\t<div class=\"elementor-widget-container\">\n\t\t\t<div\tclass=\"sc_item_button sc_button_wrap sc_align_center\" ><a href=\"https:\/\/rodeiodevacaria.com\/2026\/programacao\/#artistica\" class=\"sc_button sc_button_default sc_button_size_normal sc_button_icon_left color_style_link2\" ><span class=\"sc_button_text\"><span class=\"sc_button_title\">Programa\u00e7\u00e3o Art\u00edstica<\/span><\/span><\/a><a href=\"https:\/\/rodeiodevacaria.com\/2026\/programacao\/#rcnat\" class=\"sc_button sc_button_default sc_button_size_normal sc_button_icon_left color_style_link3\" ><span class=\"sc_button_text\"><span class=\"sc_button_title\">Programa\u00e7\u00e3o XI RCNAT<\/span><\/span><\/a><a href=\"https:\/\/rodeiodevacaria.com\/2026\/programacao\/#campeira\" class=\"sc_button sc_button_default sc_button_size_normal sc_button_icon_left color_style_dark\" ><span class=\"sc_button_text\"><span class=\"sc_button_title\">Programa\u00e7\u00e3o Campeira<\/span><\/span><\/a><\/div>\t\t<\/div>\n\t\t\t\t<\/div>\n\t\t\t\t<div class=\"elementor-element elementor-element-019b118 sc_fly_static elementor-widget elementor-widget-trx_sc_button\" data-id=\"019b118\" data-element_type=\"widget\" data-widget_type=\"trx_sc_button.default\">\n\t\t\t\t<div class=\"elementor-widget-container\">\n\t\t\t<div\tclass=\"sc_item_button sc_button_wrap sc_align_center\" ><a href=\"https:\/\/rodeiodevacaria.com\/2026\/programacao\/#cante\" class=\"sc_button sc_button_default sc_button_size_normal sc_button_icon_left color_style_link2\" ><span class=\"sc_button_text\"><span class=\"sc_button_title\">Programa\u00e7\u00e3o Festival<\/span><\/span><\/a><a href=\"https:\/\/rodeiodevacaria.com\/2026\/programacao\/#shows\" class=\"sc_button sc_button_default sc_button_size_normal sc_button_icon_left color_style_link3\" ><span class=\"sc_button_text\"><span class=\"sc_button_title\">Shows<\/span><\/span><\/a><a href=\"https:\/\/rodeiodevacaria.com\/2026\/programacao\/#bailes\" class=\"sc_button sc_button_default sc_button_size_normal sc_button_icon_left color_style_dark\" ><span class=\"sc_button_text\"><span class=\"sc_button_title\">Bailes<\/span><\/span><\/a><\/div>\t\t<\/div>\n\t\t\t\t<\/div>\n\t\t\t\t<div class=\"elementor-element elementor-element-f3b7c0c sc_fly_static elementor-widget elementor-widget-spacer\" data-id=\"f3b7c0c\" data-element_type=\"widget\" data-widget_type=\"spacer.default\">\n\t\t\t\t<div class=\"elementor-widget-container\">\n\t\t\t\t\t<div class=\"elementor-spacer\">\n\t\t\t<div class=\"elementor-spacer-inner\"><\/div>\n\t\t<\/div>\n\t\t\t\t<\/div>\n\t\t\t\t<\/div>\n\t\t\t\t\t<\/div>\n\t\t<\/div>\n\t\t\t\t\t\t\t<\/div>\n\t\t<\/section>\n\t\t\t\t<section class=\"elementor-section elementor-top-section elementor-element elementor-element-09cb6d4 elementor-section-boxed elementor-section-height-default elementor-section-height-default wpr-particle-no wpr-jarallax-no wpr-parallax-no wpr-sticky-section-no wpr-equal-height-no sc_fly_static\" data-id=\"09cb6d4\" data-element_type=\"section\" id=\"artistica\" data-settings=\"{&quot;background_background&quot;:&quot;classic&quot;}\">\n\t\t\t\t\t\t\t<div class=\"elementor-background-overlay\"><\/div>\n\t\t\t\t\t\t\t<div class=\"elementor-container elementor-column-gap-extended\">\n\t\t\t\t\t<div class=\"elementor-column elementor-col-100 elementor-top-column elementor-element elementor-element-dcc1b1f sc_inner_width_none sc_content_align_inherit sc_layouts_column_icons_position_left sc_fly_static\" data-id=\"dcc1b1f\" data-element_type=\"column\">\n\t\t\t<div class=\"elementor-widget-wrap elementor-element-populated\">\n\t\t\t\t\t\t\t\t<div class=\"elementor-element elementor-element-0e38c1b sc_height_large sc_fly_static elementor-widget elementor-widget-spacer\" data-id=\"0e38c1b\" data-element_type=\"widget\" data-widget_type=\"spacer.default\">\n\t\t\t\t<div class=\"elementor-widget-container\">\n\t\t\t\t\t<div class=\"elementor-spacer\">\n\t\t\t<div class=\"elementor-spacer-inner\"><\/div>\n\t\t<\/div>\n\t\t\t\t<\/div>\n\t\t\t\t<\/div>\n\t\t\t\t<div class=\"elementor-element elementor-element-7e47e95 sc_fly_static elementor-widget elementor-widget-trx_sc_title\" data-id=\"7e47e95\" data-element_type=\"widget\" data-widget_type=\"trx_sc_title.default\">\n\t\t\t\t<div class=\"elementor-widget-container\">\n\t\t\t<div\t\tclass=\"sc_title sc_title_default\" ><h2 class=\"sc_item_title sc_title_title sc_align_center sc_item_title_style_default trx_addons_inline_2017872404\"\n\t\t\t><span class=\"sc_item_title_text\">Art\u00edstica<\/span><\/h2><\/div>\t\t<\/div>\n\t\t\t\t<\/div>\n\t\t\t\t<section class=\"elementor-section elementor-inner-section elementor-element elementor-element-88f6d9f elementor-section-boxed elementor-section-height-default elementor-section-height-default wpr-particle-no wpr-jarallax-no wpr-parallax-no wpr-sticky-section-no wpr-equal-height-no sc_fly_static\" data-id=\"88f6d9f\" data-element_type=\"section\">\n\t\t\t\t\t\t<div class=\"elementor-container elementor-column-gap-extended\">\n\t\t\t\t\t<div class=\"elementor-column elementor-col-50 elementor-inner-column elementor-element elementor-element-71d0dd0 sc_inner_width_none sc_content_align_inherit sc_layouts_column_icons_position_left sc_fly_static\" data-id=\"71d0dd0\" data-element_type=\"column\">\n\t\t\t<div class=\"elementor-widget-wrap elementor-element-populated\">\n\t\t\t\t\t\t\t\t<div class=\"elementor-element elementor-element-f383201 sc_fly_static elementor-widget elementor-widget-text-editor\" data-id=\"f383201\" data-element_type=\"widget\" data-widget_type=\"text-editor.default\">\n\t\t\t\t<div class=\"elementor-widget-container\">\n\t\t\t\t\t\t\t<p style=\"background-color: #c48922; font-size: 20px; padding: 10px 25px 10px 30px; color: #4a170d; font-weight: 600;\">31\/01\/2026 &#8211; S\u00c1BADO<\/p><p>9h &#8211; Desfile de cavalarianos Centro da cidade<br \/>\u00a0<br \/>Concurso Mais Prendada Prenda do 36\u00ba Crioulo Internacional de Vacaria <br \/>Concurso Mais Prendada Prendinha do 36\u00ba Crioulo Internacional de Vacaria <br \/>\u00a0<br \/>10h &#8211; Prova Escrita Sede do CTG Porteira do Rio grande<\/p><p>13h30min &#8211; Mostra Folcl\u00f3rica Palco 2 ( Gramado)<br \/>15h30min &#8211; Prova Oral e Art\u00edstica Palco 2 ( Gramado)<\/p><p>19h30 min &#8211; Entrega de Faixa da Mais Prendada Prenda e Mais Prendada Prendinha<br \/>do 36\u00ba Rodeio Crioulo Internacional de Vacaria Palco 1 (Concha Ac\u00fastica)<\/p><p>\u00a0<\/p><p style=\"background-color: #c48922; font-size: 20px; padding: 10px 25px 10px 30px; color: #4a170d; font-weight: 600;\">01\/02\/2026 &#8211; DOMINGO<\/p><p>09h- Dan\u00e7as Birivas do Tropeirismo Ga\u00facho Palco 2 ( Gramado) Apresenta\u00e7\u00e3o \u00danica<\/p><p>18H- Entrega premia\u00e7\u00e3o Palco 2 ( Gramado) <\/p><p style=\"background-color: #c48922; font-size: 20px; padding: 10px 25px 10px 30px; color: #4a170d; font-weight: 600;\">03\/02\/2026- TER\u00c7A-FEIRA<\/p><p>8h30min &#8211; Gaita Ponto Adulto Palco 1 (Concha Ac\u00fastica) Eliminat\u00f3ria<br \/>Gaita Ponto Juvenil Eliminat\u00f3ria<br \/>Gaita Ponto Mirim Eliminat\u00f3ria<br \/>Gaita Piano Adulto Eliminat\u00f3ria<br \/>Gaita Piano Juvenil Eliminat\u00f3ria<br \/>Gaita Piano Mirim Eliminat\u00f3ria<br \/>\u00a0<br \/>8h30min &#8211; Int\u00e9rprete Vocal Pe\u00e3o e Prenda Juvenil Palco 2 (Gramado) Eliminat\u00f3ria<br \/>Int\u00e9rprete Vocal Pe\u00e3o e Prenda Mirim Eliminat\u00f3ria<br \/>\u00a0<br \/>8h30min &#8211; Declama\u00e7\u00e3o Prenda Pr\u00e9-mirim Palco 3 (guarani) Apresenta\u00e7\u00e3o \u00danica<br \/>Declama\u00e7\u00e3o Prenda Mirim Eliminat\u00f3ria<br \/>\u00a0<br \/>8h30min &#8211; Declama\u00e7\u00e3o Pe\u00e3o Pr\u00e9-Mirim Palco 4 (guarani) Apresenta\u00e7\u00e3o \u00danica<br \/>Declama\u00e7\u00e3o Pe\u00e3o Mirim Eliminat\u00f3ria<br \/>\u00a0<br \/>08h30min &#8211; Chula Pr\u00e9-mirim e Mirim Palco 5 (Alternativo) Eliminat\u00f3ria<br \/>\u00a0<br \/>20h- Final\u00edssima Rodeio de Poesias (Poesias In\u00e9ditas) Palco 2 (Gramado) Apresenta\u00e7\u00e3o \u00danica<\/p><p>\u00a0<\/p><p style=\"background-color: #c48922; font-size: 20px; padding: 10px 25px 10px 30px; color: #4a170d; font-weight: 600;\">04\/02\/2026 &#8211; QUARTA-FEIRA<\/p><p>8h30min &#8211; Int\u00e9rprete Vocal Pe\u00e3o e Prenda Adulto Palco 2 (Gramado) Eliminat\u00f3ria<br \/>\u00a0<br \/>8h30min &#8211; Chula Juvenil Palco 5 (Alternativo) Eliminat\u00f3ria<br \/>Chula Veterano Eliminat\u00f3ria<br \/>\u00a0<br \/>8h30min Viol\u00e3o Solo Adulto Palco 1 (Concha Ac\u00fastica) Eliminat\u00f3ria<br \/>Viol\u00e3o Solo Juvenil Eliminat\u00f3ria<br \/>Viol\u00e3o Solo Mirim Eliminat\u00f3ria<br \/>Gaita Ponto Adulto Final<br \/>Gaita Ponto Juvenil Final<br \/>Gaita Ponto Mirim Final<br \/>\u00a0<br \/>8h30min Declama\u00e7\u00e3o Prenda Juvenil Palco 3 (Guarani) Eliminat\u00f3ria<br \/>Declama\u00e7\u00e3o Prenda Veterana Eliminat\u00f3ria<br \/>\u00a0<br \/>\u00a0<br \/>8h30min Declama\u00e7\u00e3o Pe\u00e3o Juvenil Palco 4 (Guarani) Eliminat\u00f3ria<br \/>Declama\u00e7\u00e3o Pe\u00e3o Veterano Eliminat\u00f3ria<\/p><p>\u00a0<\/p>\t\t\t\t\t\t<\/div>\n\t\t\t\t<\/div>\n\t\t\t\t\t<\/div>\n\t\t<\/div>\n\t\t\t\t<div class=\"elementor-column elementor-col-50 elementor-inner-column elementor-element elementor-element-0e45551 sc_inner_width_none sc_content_align_inherit sc_layouts_column_icons_position_left sc_fly_static\" data-id=\"0e45551\" data-element_type=\"column\">\n\t\t\t<div class=\"elementor-widget-wrap elementor-element-populated\">\n\t\t\t\t\t\t\t\t<div class=\"elementor-element elementor-element-80ff34b sc_fly_static elementor-widget elementor-widget-text-editor\" data-id=\"80ff34b\" data-element_type=\"widget\" data-widget_type=\"text-editor.default\">\n\t\t\t\t<div class=\"elementor-widget-container\">\n\t\t\t\t\t\t\t<p style=\"background-color: #c48922; font-size: 20px; padding: 10px 25px 10px 30px; color: #4a170d; font-weight: 600;\">05\/02\/2026 &#8211; QUINTA-FEIRA<\/p><p>8h30min Int\u00e9rprete Vocal Pe\u00e3o e Prenda Adulto Palco 2 (Gramado) Final<br \/>Int\u00e9rprete Vocal Pe\u00e3o e Prenda Juvenil Final<br \/>Int\u00e9rprete Vocal Pe\u00e3o e Prenda Mirim Final<br \/>\u00a0<br \/>8h30min Viol\u00e3o Solo Adulto Palco 1 (Concha Ac\u00fastica) Final<br \/>Viol\u00e3o Solo Juvenil Final<br \/>Viol\u00e3o Solo Mirim Final<br \/>Gaita Piano Adulto Final<br \/>Gaita Piano Juvenil Final<br \/>Gaita Piano Mirim Final<br \/>Gaita Dueto Apresenta\u00e7\u00e3o \u00danica<br \/>\u00a0<br \/>8h30min Chula Xiru Palco 5 (Alternativo) Eliminat\u00f3ria<br \/>Chula Adulto Eliminat\u00f3ria<br \/>Chula Pr\u00e9-Mirim e Mirim Final<br \/>Chula Juvenil Final<br \/>\u00a0<br \/>\u00a0<br \/>8h30min Declama\u00e7\u00e3o Prenda Adulta Palco 3 (Guarani) Eliminat\u00f3ria<br \/>Declama\u00e7\u00e3o Prenda Mirim Final<br \/>Declama\u00e7\u00e3o Prenda Juvenil Final<br \/>\u00a0<br \/>8h30min Declama\u00e7\u00e3o Pe\u00e3o Adulto Palco 4 (Guarani) Eliminat\u00f3ria<br \/>Declama\u00e7\u00e3o Pe\u00e3o Mirim Final<br \/>Declama\u00e7\u00e3o Pe\u00e3o Juvenil Final<\/p><p style=\"background-color: #c48922; font-size: 20px; padding: 10px 25px 10px 30px; color: #4a170d; font-weight: 600;\">06\/02\/2026 &#8211; SEXTA-FEIRA<\/p><p>8h30min Chula Veterano Palco 5 (Alternativo) Final<br \/>Chula Vaqueano Apresenta\u00e7\u00e3o \u00danica<br \/>Chula Adulto Final<br \/>Chula Trio Apresenta\u00e7\u00e3o \u00danica<br \/>\u00a0<br \/>8h30min Declama\u00e7\u00e3o Prenda Veterana Palco 3 (Guarani) Final<br \/>Declama\u00e7\u00e3o Prenda Adulta Final<br \/>\u00a0<br \/>8h30min Declama\u00e7\u00e3o Pe\u00e3o Veterano Palco 4 (Guarani) Final<br \/>Declama\u00e7\u00e3o Pe\u00e3o Adulto Final<br \/>\u00a0<br \/>8h Dan\u00e7as Tradicionais Ga\u00fachas Mirim e Juvenil Palco 2 (Gramado) Eliminat\u00f3ria<br \/>\u00a0<br \/>20hEntrega de Premia\u00e7\u00f5es Concursos Individuais Palco 2 (Gramado)<\/p><p style=\"background-color: #c48922; font-size: 20px; padding: 10px 25px 10px 30px; color: #4a170d; font-weight: 600;\">07\/02\/2026 &#8211; S\u00c1BADO<\/p><p>8h Dan\u00e7as Tradicionais Ga\u00fachas Veterana e Adulta Palco 1 (Concha Ac\u00fastica) Eliminat\u00f3ria<br \/>\u00a0<br \/>\u00a0<br \/>9h Trova Mi Maior de Gavet\u00e3o e Gildo de Freitas Palco 2 (Gramado) Eliminat\u00f3ria<br \/>Trova Martelo Apresenta\u00e7\u00e3o \u00danica<br \/>Concurso de Payadas Apresenta\u00e7\u00e3o \u00danica<\/p><p style=\"background-color: #c48922; font-size: 20px; padding: 10px 25px 10px 30px; color: #4a170d; font-weight: 600;\">08\/02\/2026 &#8211; DOMINGO<\/p><p>8h Dan\u00e7as Tradicionais Ga\u00fachas Mirim e Juvenil Palco 2 (Gramado) Final<br \/>8h Dan\u00e7as Tradicionais Ga\u00fachas Veterana e Adulta Palco 1 (Concha Ac\u00fastica) Final<br \/>\u00a0<br \/>9h Trova Mi Maior de Gavet\u00e3o e Gildo de Freitas Palco 5 (Alternativo) Final<br \/>\u00a0<br \/>\u00a020h Entrega de Premia\u00e7\u00f5es Palco 1 (Concha Ac\u00fastica)<\/p><p>\u00a0<\/p>\t\t\t\t\t\t<\/div>\n\t\t\t\t<\/div>\n\t\t\t\t\t<\/div>\n\t\t<\/div>\n\t\t\t\t\t\t\t<\/div>\n\t\t<\/section>\n\t\t\t\t<div class=\"elementor-element elementor-element-df34581 sc_fly_static elementor-widget elementor-widget-text-editor\" data-id=\"df34581\" data-element_type=\"widget\" data-widget_type=\"text-editor.default\">\n\t\t\t\t<div class=\"elementor-widget-container\">\n\t\t\t\t\t\t\t\t\t\t\t\t\t<\/div>\n\t\t\t\t<\/div>\n\t\t\t\t<div class=\"elementor-element elementor-element-f4f15f5 sc_height_large sc_fly_static elementor-widget elementor-widget-spacer\" data-id=\"f4f15f5\" data-element_type=\"widget\" data-widget_type=\"spacer.default\">\n\t\t\t\t<div class=\"elementor-widget-container\">\n\t\t\t\t\t<div class=\"elementor-spacer\">\n\t\t\t<div class=\"elementor-spacer-inner\"><\/div>\n\t\t<\/div>\n\t\t\t\t<\/div>\n\t\t\t\t<\/div>\n\t\t\t\t\t<\/div>\n\t\t<\/div>\n\t\t\t\t\t\t\t<\/div>\n\t\t<\/section>\n\t\t\t\t<section class=\"elementor-section elementor-top-section elementor-element elementor-element-beba561 elementor-section-boxed elementor-section-height-default elementor-section-height-default wpr-particle-no wpr-jarallax-no wpr-parallax-no wpr-sticky-section-no wpr-equal-height-no sc_fly_static\" data-id=\"beba561\" data-element_type=\"section\" id=\"rcnat\" data-settings=\"{&quot;background_background&quot;:&quot;classic&quot;}\">\n\t\t\t\t\t\t\t<div class=\"elementor-background-overlay\"><\/div>\n\t\t\t\t\t\t\t<div class=\"elementor-container elementor-column-gap-extended\">\n\t\t\t\t\t<div class=\"elementor-column elementor-col-100 elementor-top-column elementor-element elementor-element-9624829 sc_inner_width_none sc_content_align_inherit sc_layouts_column_icons_position_left sc_fly_static\" data-id=\"9624829\" data-element_type=\"column\">\n\t\t\t<div class=\"elementor-widget-wrap elementor-element-populated\">\n\t\t\t\t\t\t\t\t<div class=\"elementor-element elementor-element-1aa26b4 sc_height_large sc_fly_static elementor-widget elementor-widget-spacer\" data-id=\"1aa26b4\" data-element_type=\"widget\" data-widget_type=\"spacer.default\">\n\t\t\t\t<div class=\"elementor-widget-container\">\n\t\t\t\t\t<div class=\"elementor-spacer\">\n\t\t\t<div class=\"elementor-spacer-inner\"><\/div>\n\t\t<\/div>\n\t\t\t\t<\/div>\n\t\t\t\t<\/div>\n\t\t\t\t<div class=\"elementor-element elementor-element-98ee05d sc_fly_static elementor-widget elementor-widget-trx_sc_title\" data-id=\"98ee05d\" data-element_type=\"widget\" data-widget_type=\"trx_sc_title.default\">\n\t\t\t\t<div class=\"elementor-widget-container\">\n\t\t\t<div\t\tclass=\"sc_title sc_title_default\" ><h2 class=\"sc_item_title sc_title_title sc_align_center sc_item_title_style_default trx_addons_inline_1960077228\"\n\t\t\t><span class=\"sc_item_title_text\">11\u00ba RCNAT<\/span><\/h2><div class=\"sc_item_descr sc_title_descr sc_align_center sc_item_descr_with_custom_color trx_addons_inline_443526431\"><p>* Apresenta\u00e7\u00f5es \u00danicas *<\/p>\n<\/div><\/div>\t\t<\/div>\n\t\t\t\t<\/div>\n\t\t\t\t<section class=\"elementor-section elementor-inner-section elementor-element elementor-element-1965571 elementor-section-boxed elementor-section-height-default elementor-section-height-default wpr-particle-no wpr-jarallax-no wpr-parallax-no wpr-sticky-section-no wpr-equal-height-no sc_fly_static\" data-id=\"1965571\" data-element_type=\"section\">\n\t\t\t\t\t\t<div class=\"elementor-container elementor-column-gap-extended\">\n\t\t\t\t\t<div class=\"elementor-column elementor-col-100 elementor-inner-column elementor-element elementor-element-60bcb95 sc_inner_width_none sc_content_align_inherit sc_layouts_column_icons_position_left sc_fly_static\" data-id=\"60bcb95\" data-element_type=\"column\">\n\t\t\t<div class=\"elementor-widget-wrap elementor-element-populated\">\n\t\t\t\t\t\t\t\t<div class=\"elementor-element elementor-element-e260024 sc_fly_static elementor-widget elementor-widget-text-editor\" data-id=\"e260024\" data-element_type=\"widget\" data-widget_type=\"text-editor.default\">\n\t\t\t\t<div class=\"elementor-widget-container\">\n\t\t\t\t\t\t\t<p style=\"background-color: #c48922; font-size: 20px; padding: 10px 25px 10px 30px; color: #4a170d; font-weight: 600;\">31\/01\/2026 &#8211; S\u00c1BADO<\/p><p>10h Gaita Piano Pr\u00e9-Mirim e Mirim Palco 1 (Concha Ac\u00fastica) \u00danica<br \/>Int\u00e9rprete Vocal Prenda e Pe\u00e3o Pr\u00e9-Mirim <br \/>Int\u00e9rprete Vocal Prenda e Pe\u00e3o Mirim <br \/>\u00a0<br \/>14h Chula Pr\u00e9-Mirim e Mirim Palco 5 Chula \u00danica<br \/>Chula primeiro passo (iniciantes) 2 passos demostra\u00e7\u00e3o <br \/>\u00a0<br \/>10h Declama\u00e7\u00e3o Prenda Pr\u00e9-Mirim e Mirim Palco 3 Guarani \u00danica<br \/>\u00a0<br \/>10h Declama\u00e7\u00e3o Pe\u00e3o Pr\u00e9-Mirim e Mirim Palco 4 Guarani \u00danica<\/p><p style=\"background-color: #c48922; font-size: 20px; padding: 10px 25px 10px 30px; color: #4a170d; font-weight: 600;\">01\/02\/2026 &#8211; DOMINGO<\/p><p>14h Dan\u00e7as Tradicionais Ga\u00fachas Pr\u00e9-Mirim e Mirim Palco 2 (Gramado) \u00danica<br \/>\u00a0<br \/>18h Entrega de Premia\u00e7\u00f5es Palco 2 (Gramado)<\/p>\t\t\t\t\t\t<\/div>\n\t\t\t\t<\/div>\n\t\t\t\t\t<\/div>\n\t\t<\/div>\n\t\t\t\t\t\t\t<\/div>\n\t\t<\/section>\n\t\t\t\t<div class=\"elementor-element elementor-element-6cd65d1 sc_fly_static elementor-widget elementor-widget-text-editor\" data-id=\"6cd65d1\" data-element_type=\"widget\" data-widget_type=\"text-editor.default\">\n\t\t\t\t<div class=\"elementor-widget-container\">\n\t\t\t\t\t\t\t\t\t\t\t\t\t<\/div>\n\t\t\t\t<\/div>\n\t\t\t\t<div class=\"elementor-element elementor-element-b865267 sc_height_large sc_fly_static elementor-widget elementor-widget-spacer\" data-id=\"b865267\" data-element_type=\"widget\" data-widget_type=\"spacer.default\">\n\t\t\t\t<div class=\"elementor-widget-container\">\n\t\t\t\t\t<div class=\"elementor-spacer\">\n\t\t\t<div class=\"elementor-spacer-inner\"><\/div>\n\t\t<\/div>\n\t\t\t\t<\/div>\n\t\t\t\t<\/div>\n\t\t\t\t\t<\/div>\n\t\t<\/div>\n\t\t\t\t\t\t\t<\/div>\n\t\t<\/section>\n\t\t\t\t<section class=\"elementor-section elementor-top-section elementor-element elementor-element-4324215 elementor-section-boxed elementor-section-height-default elementor-section-height-default wpr-particle-no wpr-jarallax-no wpr-parallax-no wpr-sticky-section-no wpr-equal-height-no sc_fly_static\" data-id=\"4324215\" data-element_type=\"section\" id=\"cante\" data-settings=\"{&quot;background_background&quot;:&quot;classic&quot;}\">\n\t\t\t\t\t\t\t<div class=\"elementor-background-overlay\"><\/div>\n\t\t\t\t\t\t\t<div class=\"elementor-container elementor-column-gap-extended\">\n\t\t\t\t\t<div class=\"elementor-column elementor-col-100 elementor-top-column elementor-element elementor-element-39329fe sc_inner_width_none sc_content_align_inherit sc_layouts_column_icons_position_left sc_fly_static\" data-id=\"39329fe\" data-element_type=\"column\">\n\t\t\t<div class=\"elementor-widget-wrap elementor-element-populated\">\n\t\t\t\t\t\t\t\t<div class=\"elementor-element elementor-element-be14458 sc_height_large sc_fly_static elementor-widget elementor-widget-spacer\" data-id=\"be14458\" data-element_type=\"widget\" data-widget_type=\"spacer.default\">\n\t\t\t\t<div class=\"elementor-widget-container\">\n\t\t\t\t\t<div class=\"elementor-spacer\">\n\t\t\t<div class=\"elementor-spacer-inner\"><\/div>\n\t\t<\/div>\n\t\t\t\t<\/div>\n\t\t\t\t<\/div>\n\t\t\t\t<div class=\"elementor-element elementor-element-66929fc sc_fly_static elementor-widget elementor-widget-trx_sc_title\" data-id=\"66929fc\" data-element_type=\"widget\" data-widget_type=\"trx_sc_title.default\">\n\t\t\t\t<div class=\"elementor-widget-container\">\n\t\t\t<div\t\tclass=\"sc_title sc_title_default\" ><h2 class=\"sc_item_title sc_title_title sc_align_center sc_item_title_style_default trx_addons_inline_1675712757\"\n\t\t\t><span class=\"sc_item_title_text\">15\u00ba FESTIVAL CANTE UMA <BR>CAN\u00c7\u00c3O EM VACARIA<\/span><\/h2><\/div>\t\t<\/div>\n\t\t\t\t<\/div>\n\t\t\t\t<section class=\"elementor-section elementor-inner-section elementor-element elementor-element-0ca061a elementor-section-boxed elementor-section-height-default elementor-section-height-default wpr-particle-no wpr-jarallax-no wpr-parallax-no wpr-sticky-section-no wpr-equal-height-no sc_fly_static\" data-id=\"0ca061a\" data-element_type=\"section\">\n\t\t\t\t\t\t<div class=\"elementor-container elementor-column-gap-extended\">\n\t\t\t\t\t<div class=\"elementor-column elementor-col-100 elementor-inner-column elementor-element elementor-element-327e8ab sc_inner_width_none sc_content_align_inherit sc_layouts_column_icons_position_left sc_fly_static\" data-id=\"327e8ab\" data-element_type=\"column\">\n\t\t\t<div class=\"elementor-widget-wrap elementor-element-populated\">\n\t\t\t\t\t\t\t\t<div class=\"elementor-element elementor-element-f24eed9 sc_fly_static elementor-widget elementor-widget-text-editor\" data-id=\"f24eed9\" data-element_type=\"widget\" data-widget_type=\"text-editor.default\">\n\t\t\t\t<div class=\"elementor-widget-container\">\n\t\t\t\t\t\t\t<p style=\"background-color: #c48922; font-size: 20px; padding: 10px 25px 10px 30px; color: #4a170d; font-weight: 600;\">31\/01\/2026\u00a0<\/p><p>19h &#8211; Abertura com Catherine Vergnes <br \/>20:30 &#8211; Festival <br \/>23h &#8211; Rog\u00e9rio Villagran e quarteto cora\u00e7\u00e3o de potro<\/p><p style=\"background-color: #c48922; font-size: 20px; padding: 10px 25px 10px 30px; color: #4a170d; font-weight: 600;\">01\/02\/2026<\/p><p>19h &#8211; Luiz Marenco e Jari Terres <br \/>20:30 &#8211; Festival <br \/>23h &#8211; Projeto Taureando<\/p>\t\t\t\t\t\t<\/div>\n\t\t\t\t<\/div>\n\t\t\t\t\t<\/div>\n\t\t<\/div>\n\t\t\t\t\t\t\t<\/div>\n\t\t<\/section>\n\t\t\t\t<div class=\"elementor-element elementor-element-2bd7c1d sc_fly_static elementor-widget elementor-widget-text-editor\" data-id=\"2bd7c1d\" data-element_type=\"widget\" data-widget_type=\"text-editor.default\">\n\t\t\t\t<div class=\"elementor-widget-container\">\n\t\t\t\t\t\t\t\t\t\t\t\t\t<\/div>\n\t\t\t\t<\/div>\n\t\t\t\t<div class=\"elementor-element elementor-element-0b8205a sc_height_large sc_fly_static elementor-widget elementor-widget-spacer\" data-id=\"0b8205a\" data-element_type=\"widget\" data-widget_type=\"spacer.default\">\n\t\t\t\t<div class=\"elementor-widget-container\">\n\t\t\t\t\t<div class=\"elementor-spacer\">\n\t\t\t<div class=\"elementor-spacer-inner\"><\/div>\n\t\t<\/div>\n\t\t\t\t<\/div>\n\t\t\t\t<\/div>\n\t\t\t\t\t<\/div>\n\t\t<\/div>\n\t\t\t\t\t\t\t<\/div>\n\t\t<\/section>\n\t\t\t\t<section class=\"elementor-section elementor-top-section elementor-element elementor-element-157ac85 elementor-section-boxed elementor-section-height-default elementor-section-height-default wpr-particle-no wpr-jarallax-no wpr-parallax-no wpr-sticky-section-no wpr-equal-height-no sc_fly_static\" data-id=\"157ac85\" data-element_type=\"section\" id=\"bailes\" data-settings=\"{&quot;background_background&quot;:&quot;classic&quot;}\">\n\t\t\t\t\t\t\t<div class=\"elementor-background-overlay\"><\/div>\n\t\t\t\t\t\t\t<div class=\"elementor-container elementor-column-gap-extended\">\n\t\t\t\t\t<div class=\"elementor-column elementor-col-100 elementor-top-column elementor-element elementor-element-3ba862f sc_inner_width_none sc_content_align_inherit sc_layouts_column_icons_position_left sc_fly_static\" data-id=\"3ba862f\" data-element_type=\"column\">\n\t\t\t<div class=\"elementor-widget-wrap elementor-element-populated\">\n\t\t\t\t\t\t\t\t<div class=\"elementor-element elementor-element-bd80672 sc_height_large sc_fly_static elementor-widget elementor-widget-spacer\" data-id=\"bd80672\" data-element_type=\"widget\" data-widget_type=\"spacer.default\">\n\t\t\t\t<div class=\"elementor-widget-container\">\n\t\t\t\t\t<div class=\"elementor-spacer\">\n\t\t\t<div class=\"elementor-spacer-inner\"><\/div>\n\t\t<\/div>\n\t\t\t\t<\/div>\n\t\t\t\t<\/div>\n\t\t\t\t<div class=\"elementor-element elementor-element-41f74b8 sc_fly_static elementor-widget elementor-widget-trx_sc_title\" data-id=\"41f74b8\" data-element_type=\"widget\" data-widget_type=\"trx_sc_title.default\">\n\t\t\t\t<div class=\"elementor-widget-container\">\n\t\t\t<div\t\tclass=\"sc_title sc_title_default\" ><h2 class=\"sc_item_title sc_title_title sc_align_center sc_item_title_style_default trx_addons_inline_1017978834\"\n\t\t\t><span class=\"sc_item_title_text\">Bailes<br>(Circ\u00e3o de Lona)<\/span><\/h2><\/div>\t\t<\/div>\n\t\t\t\t<\/div>\n\t\t\t\t<section class=\"elementor-section elementor-inner-section elementor-element elementor-element-99e74cc elementor-section-boxed elementor-section-height-default elementor-section-height-default wpr-particle-no wpr-jarallax-no wpr-parallax-no wpr-sticky-section-no wpr-equal-height-no sc_fly_static\" data-id=\"99e74cc\" data-element_type=\"section\">\n\t\t\t\t\t\t<div class=\"elementor-container elementor-column-gap-extended\">\n\t\t\t\t\t<div class=\"elementor-column elementor-col-50 elementor-inner-column elementor-element elementor-element-697bcb6 sc_inner_width_none sc_content_align_inherit sc_layouts_column_icons_position_left sc_fly_static\" data-id=\"697bcb6\" data-element_type=\"column\">\n\t\t\t<div class=\"elementor-widget-wrap elementor-element-populated\">\n\t\t\t\t\t\t\t\t<div class=\"elementor-element elementor-element-226187a sc_fly_static elementor-widget elementor-widget-text-editor\" data-id=\"226187a\" data-element_type=\"widget\" data-widget_type=\"text-editor.default\">\n\t\t\t\t<div class=\"elementor-widget-container\">\n\t\t\t\t\t\t\t<p style=\"background-color: #c48922; font-size: 20px; padding: 10px 25px 10px 30px; color: #4a170d; font-weight: 600;\">30\/01 | SEXTA-FEIRA | 22H<\/p><p>Paulinho Mocelin<br \/>Tch\u00ea Chaleira<\/p><p style=\"background-color: #c48922; font-size: 20px; padding: 10px 25px 10px 30px; color: #4a170d; font-weight: 600;\">31\/01 | S\u00c1BADO | 23:30<\/p><p>Tch\u00ea Garotos<br \/>Baila\u00e7o<\/p><p style=\"background-color: #c48922; font-size: 20px; padding: 10px 25px 10px 30px; color: #4a170d; font-weight: 600;\">01\/02 | DOMINGO | 21H<\/p><p>Os Vacarianos<br \/>Ch\u00ea Lokedo<br \/>Marca\u00e7\u00e3o<\/p><p style=\"background-color: #c48922; font-size: 20px; padding: 10px 25px 10px 30px; color: #4a170d; font-weight: 600;\">02\/02 | SEGUNDA-FEIRA | 23:30<\/p><p>Tert\u00falia Livre<\/p><p style=\"background-color: #c48922; font-size: 20px; padding: 10px 25px 10px 30px; color: #4a170d; font-weight: 600;\">03\/02 | TER\u00c7A-FEIRA | 23:30<\/p><p style=\"font-family: 'Work Sans', sans-serif; font-size: 22px; line-height: inherit; font-weight: 400; font-style: normal; letter-spacing: -0.36px;\">F\u00e1bio Quara\u00ed<br \/>Esta\u00e7\u00e3o Fandangueira<\/p>\t\t\t\t\t\t<\/div>\n\t\t\t\t<\/div>\n\t\t\t\t\t<\/div>\n\t\t<\/div>\n\t\t\t\t<div class=\"elementor-column elementor-col-50 elementor-inner-column elementor-element elementor-element-e83f914 sc_inner_width_none sc_content_align_inherit sc_layouts_column_icons_position_left sc_fly_static\" data-id=\"e83f914\" data-element_type=\"column\">\n\t\t\t<div class=\"elementor-widget-wrap elementor-element-populated\">\n\t\t\t\t\t\t\t\t<div class=\"elementor-element elementor-element-dbe9bc2 sc_fly_static elementor-widget elementor-widget-text-editor\" data-id=\"dbe9bc2\" data-element_type=\"widget\" data-widget_type=\"text-editor.default\">\n\t\t\t\t<div class=\"elementor-widget-container\">\n\t\t\t\t\t\t\t<p style=\"background-color: #c48922; font-size: 20px; padding: 10px 25px 10px 30px; color: #4a170d; font-weight: 600;\">04\/02 | QUARTA-FEIRA | 23:30<\/p><p>Os Monarcas<br \/>Talaga\u00e7o<\/p><p style=\"background-color: #c48922; font-size: 20px; padding: 10px 25px 10px 30px; color: #4a170d; font-weight: 600;\">05\/02 | QUINTA-FEIRA | 23:30<\/p><p>Jo\u00e3o Luiz Correia<br \/>JJSV<\/p><p style=\"background-color: #c48922; font-size: 20px; padding: 10px 25px 10px 30px; color: #4a170d; font-weight: 600;\">06\/02 | SEXTA-FEIRA | 23:30<\/p><p>Matizes<br \/>Sandro Coelho<\/p><p style=\"background-color: #c48922; font-size: 20px; padding: 10px 25px 10px 30px; color: #4a170d; font-weight: 600;\">07\/02 | S\u00c1BADO | 23:30<\/p><p>Candieiro <br \/>Sorriso Lindo<\/p>\t\t\t\t\t\t<\/div>\n\t\t\t\t<\/div>\n\t\t\t\t\t<\/div>\n\t\t<\/div>\n\t\t\t\t\t\t\t<\/div>\n\t\t<\/section>\n\t\t\t\t<div class=\"elementor-element elementor-element-5d985ad sc_fly_static elementor-widget elementor-widget-text-editor\" data-id=\"5d985ad\" data-element_type=\"widget\" data-widget_type=\"text-editor.default\">\n\t\t\t\t<div class=\"elementor-widget-container\">\n\t\t\t\t\t\t\t\t\t\t\t\t\t<\/div>\n\t\t\t\t<\/div>\n\t\t\t\t<div class=\"elementor-element elementor-element-13b43b2 sc_height_large sc_fly_static elementor-widget elementor-widget-spacer\" data-id=\"13b43b2\" data-element_type=\"widget\" data-widget_type=\"spacer.default\">\n\t\t\t\t<div class=\"elementor-widget-container\">\n\t\t\t\t\t<div class=\"elementor-spacer\">\n\t\t\t<div class=\"elementor-spacer-inner\"><\/div>\n\t\t<\/div>\n\t\t\t\t<\/div>\n\t\t\t\t<\/div>\n\t\t\t\t\t<\/div>\n\t\t<\/div>\n\t\t\t\t\t\t\t<\/div>\n\t\t<\/section>\n\t\t\t\t<section class=\"elementor-section elementor-top-section elementor-element elementor-element-9427c32 elementor-section-boxed elementor-section-height-default elementor-section-height-default wpr-particle-no wpr-jarallax-no wpr-parallax-no wpr-sticky-section-no wpr-equal-height-no sc_fly_static\" data-id=\"9427c32\" data-element_type=\"section\" id=\"shows\" data-settings=\"{&quot;background_background&quot;:&quot;classic&quot;}\">\n\t\t\t\t\t\t\t<div class=\"elementor-background-overlay\"><\/div>\n\t\t\t\t\t\t\t<div class=\"elementor-container elementor-column-gap-extended\">\n\t\t\t\t\t<div class=\"elementor-column elementor-col-100 elementor-top-column elementor-element elementor-element-a3f25a4 sc_inner_width_none sc_content_align_inherit sc_layouts_column_icons_position_left sc_fly_static\" data-id=\"a3f25a4\" data-element_type=\"column\">\n\t\t\t<div class=\"elementor-widget-wrap elementor-element-populated\">\n\t\t\t\t\t\t\t\t<div class=\"elementor-element elementor-element-1d8a2e5 sc_height_large sc_fly_static elementor-widget elementor-widget-spacer\" data-id=\"1d8a2e5\" data-element_type=\"widget\" data-widget_type=\"spacer.default\">\n\t\t\t\t<div class=\"elementor-widget-container\">\n\t\t\t\t\t<div class=\"elementor-spacer\">\n\t\t\t<div class=\"elementor-spacer-inner\"><\/div>\n\t\t<\/div>\n\t\t\t\t<\/div>\n\t\t\t\t<\/div>\n\t\t\t\t<div class=\"elementor-element elementor-element-d867a6c sc_fly_static elementor-widget elementor-widget-trx_sc_title\" data-id=\"d867a6c\" data-element_type=\"widget\" data-widget_type=\"trx_sc_title.default\">\n\t\t\t\t<div class=\"elementor-widget-container\">\n\t\t\t<div\t\tclass=\"sc_title sc_title_default\" ><h2 class=\"sc_item_title sc_title_title sc_align_center sc_item_title_style_default trx_addons_inline_623336989\"\n\t\t\t><span class=\"sc_item_title_text\">Shows<br>(Concha Ac\u00fastica)<\/span><\/h2><\/div>\t\t<\/div>\n\t\t\t\t<\/div>\n\t\t\t\t<section class=\"elementor-section elementor-inner-section elementor-element elementor-element-00aca98 elementor-section-boxed elementor-section-height-default elementor-section-height-default wpr-particle-no wpr-jarallax-no wpr-parallax-no wpr-sticky-section-no wpr-equal-height-no sc_fly_static\" data-id=\"00aca98\" data-element_type=\"section\">\n\t\t\t\t\t\t<div class=\"elementor-container elementor-column-gap-extended\">\n\t\t\t\t\t<div class=\"elementor-column elementor-col-50 elementor-inner-column elementor-element elementor-element-a9d530e sc_inner_width_none sc_content_align_inherit sc_layouts_column_icons_position_left sc_fly_static\" data-id=\"a9d530e\" data-element_type=\"column\">\n\t\t\t<div class=\"elementor-widget-wrap elementor-element-populated\">\n\t\t\t\t\t\t\t\t<div class=\"elementor-element elementor-element-9404447 sc_fly_static elementor-widget elementor-widget-text-editor\" data-id=\"9404447\" data-element_type=\"widget\" data-widget_type=\"text-editor.default\">\n\t\t\t\t<div class=\"elementor-widget-container\">\n\t\t\t\t\t\t\t<p style=\"background-color: #c48922; font-size: 20px; padding: 10px 25px 10px 30px; color: #4a170d; font-weight: 600;\">31\/01 | S\u00c1BADO<\/p><p>19h | Catherine Vergnes<br \/>20:30h | Festival Cante uma Can\u00e7\u00e3o<br \/>23h | Rog\u00e9rio Villagran convida Quarteto Cora\u00e7\u00e3o de Potro<br \/><br \/><\/p><p style=\"background-color: #c48922; font-size: 20px; padding: 10px 25px 10px 30px; color: #4a170d; font-weight: 600;\">01\/02 | DOMINGO<\/p><p>19h | Luiz Marenco &amp; Jari Terres\u00a0<br \/>20:30h | Festival Cante uma Can\u00e7\u00e3o<br \/>23h | Taureando<br \/><br \/><\/p><p style=\"background-color: #c48922; font-size: 20px; padding: 10px 25px 10px 30px; color: #4a170d; font-weight: 600;\">02\/02 | SEGUNDA-FEIRA | IN\u00cdCIO \u00c0S 20h<\/p><p>Cristiano Quevedo<br \/>Andr\u00e9 Teixeira<br \/><br \/><\/p><p style=\"background-color: #c48922; font-size: 20px; padding: 10px 25px 10px 30px; color: #4a170d; font-weight: 600;\">03\/02 | TER\u00c7A-FEIRA | IN\u00cdCIO \u00c0S 19h30<\/p><p>Joca Martins\u00a0<br \/>Pedro Ernesto Denardin\u00a0<br \/>Elton Saldanha\u00a0<\/p>\t\t\t\t\t\t<\/div>\n\t\t\t\t<\/div>\n\t\t\t\t\t<\/div>\n\t\t<\/div>\n\t\t\t\t<div class=\"elementor-column elementor-col-50 elementor-inner-column elementor-element elementor-element-dc506dc sc_inner_width_none sc_content_align_inherit sc_layouts_column_icons_position_left sc_fly_static\" data-id=\"dc506dc\" data-element_type=\"column\">\n\t\t\t<div class=\"elementor-widget-wrap elementor-element-populated\">\n\t\t\t\t\t\t\t\t<div class=\"elementor-element elementor-element-d238e73 sc_fly_static elementor-widget elementor-widget-text-editor\" data-id=\"d238e73\" data-element_type=\"widget\" data-widget_type=\"text-editor.default\">\n\t\t\t\t<div class=\"elementor-widget-container\">\n\t\t\t\t\t\t\t<p style=\"background-color: #c48922; font-size: 20px; padding: 10px 25px 10px 30px; color: #4a170d; font-weight: 600;\">04\/02 | QUARTA-FEIRA | IN\u00cdCIO \u00c0S 20h<\/p><p style=\"font-family: 'Work Sans', sans-serif; font-size: 22px; line-height: inherit; font-weight: 400; font-style: normal; letter-spacing: -0.36px;\">Hermanos Guedes<br \/>Marcelo Oliveira\u00a0<\/p><p style=\"background-color: #c48922; font-size: 20px; padding: 10px 25px 10px 30px; color: #4a170d; font-weight: 600;\">05\/02 | QUINTA-FEIRA | IN\u00cdCIO \u00c0S 20h<\/p><p>Os Chacreiros + Adair de Freitas\u00a0<br \/>Grupo Carqueja\u00a0<\/p><p style=\"background-color: #c48922; font-size: 20px; padding: 10px 25px 10px 30px; color: #4a170d; font-weight: 600;\">06\/02 | SEXTA-FEIRA<\/p><p>In\u00edcio 20h | Mano Lima\u00a0\u00a0<br \/>C\u00e9sar Oliveira &amp; Rog\u00e9rio Melo\u00a0\u00a0<br \/>In\u00edcio 20h | Trinnca | Palco 2<\/p><p style=\"background-color: #c48922; font-size: 20px; padding: 10px 25px 10px 30px; color: #4a170d; font-weight: 600;\">07\/02 | S\u00c1BADO | IN\u00cdCIO \u00c0S 20h<\/p><p>Quarteto Cora\u00e7\u00e3o de Potro\u00a0<br \/>Leonel Gomez\u00a0<br \/><br \/><\/p><p style=\"background-color: #c48922; font-size: 20px; padding: 10px 25px 10px 30px; color: #4a170d; font-weight: 600;\">08\/02 | DOMINGO | IN\u00cdCIO \u00c0S 18h<\/p><p>Ricardo Bergha\u00a0<\/p>\t\t\t\t\t\t<\/div>\n\t\t\t\t<\/div>\n\t\t\t\t\t<\/div>\n\t\t<\/div>\n\t\t\t\t\t\t\t<\/div>\n\t\t<\/section>\n\t\t\t\t<div class=\"elementor-element elementor-element-e7ee41d sc_fly_static elementor-widget elementor-widget-text-editor\" data-id=\"e7ee41d\" data-element_type=\"widget\" data-widget_type=\"text-editor.default\">\n\t\t\t\t<div class=\"elementor-widget-container\">\n\t\t\t\t\t\t\t\t\t\t\t\t\t<\/div>\n\t\t\t\t<\/div>\n\t\t\t\t<div class=\"elementor-element elementor-element-c6701fe sc_height_large sc_fly_static elementor-widget elementor-widget-spacer\" data-id=\"c6701fe\" data-element_type=\"widget\" data-widget_type=\"spacer.default\">\n\t\t\t\t<div class=\"elementor-widget-container\">\n\t\t\t\t\t<div class=\"elementor-spacer\">\n\t\t\t<div class=\"elementor-spacer-inner\"><\/div>\n\t\t<\/div>\n\t\t\t\t<\/div>\n\t\t\t\t<\/div>\n\t\t\t\t\t<\/div>\n\t\t<\/div>\n\t\t\t\t\t\t\t<\/div>\n\t\t<\/section>\n\t\t\t\t<section class=\"elementor-section elementor-top-section elementor-element elementor-element-32cd571 elementor-section-boxed elementor-section-height-default elementor-section-height-default wpr-particle-no wpr-jarallax-no wpr-parallax-no wpr-sticky-section-no wpr-equal-height-no sc_fly_static\" data-id=\"32cd571\" data-element_type=\"section\" id=\"campeira\" data-settings=\"{&quot;background_background&quot;:&quot;classic&quot;}\">\n\t\t\t\t\t\t\t<div class=\"elementor-background-overlay\"><\/div>\n\t\t\t\t\t\t\t<div class=\"elementor-container elementor-column-gap-extended\">\n\t\t\t\t\t<div class=\"elementor-column elementor-col-100 elementor-top-column elementor-element elementor-element-43f7e0a sc_inner_width_none sc_content_align_inherit sc_layouts_column_icons_position_left sc_fly_static\" data-id=\"43f7e0a\" data-element_type=\"column\">\n\t\t\t<div class=\"elementor-widget-wrap elementor-element-populated\">\n\t\t\t\t\t\t\t\t<div class=\"elementor-element elementor-element-6b21643 sc_height_large sc_fly_static elementor-widget elementor-widget-spacer\" data-id=\"6b21643\" data-element_type=\"widget\" data-widget_type=\"spacer.default\">\n\t\t\t\t<div class=\"elementor-widget-container\">\n\t\t\t\t\t<div class=\"elementor-spacer\">\n\t\t\t<div class=\"elementor-spacer-inner\"><\/div>\n\t\t<\/div>\n\t\t\t\t<\/div>\n\t\t\t\t<\/div>\n\t\t\t\t<div class=\"elementor-element elementor-element-7a7acaa sc_fly_static elementor-widget elementor-widget-trx_sc_title\" data-id=\"7a7acaa\" data-element_type=\"widget\" data-widget_type=\"trx_sc_title.default\">\n\t\t\t\t<div class=\"elementor-widget-container\">\n\t\t\t<div\t\tclass=\"sc_title sc_title_default\" ><h2 class=\"sc_item_title sc_title_title sc_align_center sc_item_title_style_default trx_addons_inline_426281175\"\n\t\t\t><span class=\"sc_item_title_text\">Campeira<\/span><\/h2><\/div>\t\t<\/div>\n\t\t\t\t<\/div>\n\t\t\t\t<section class=\"elementor-section elementor-inner-section elementor-element elementor-element-4f9306b elementor-section-boxed elementor-section-height-default elementor-section-height-default wpr-particle-no wpr-jarallax-no wpr-parallax-no wpr-sticky-section-no wpr-equal-height-no sc_fly_static\" data-id=\"4f9306b\" data-element_type=\"section\">\n\t\t\t\t\t\t<div class=\"elementor-container elementor-column-gap-extended\">\n\t\t\t\t\t<div class=\"elementor-column elementor-col-50 elementor-inner-column elementor-element elementor-element-b244f30 sc_inner_width_none sc_content_align_inherit sc_layouts_column_icons_position_left sc_fly_static\" data-id=\"b244f30\" data-element_type=\"column\">\n\t\t\t<div class=\"elementor-widget-wrap elementor-element-populated\">\n\t\t\t\t\t\t\t\t<div class=\"elementor-element elementor-element-738b8d1 sc_fly_static elementor-widget elementor-widget-text-editor\" data-id=\"738b8d1\" data-element_type=\"widget\" data-widget_type=\"text-editor.default\">\n\t\t\t\t<div class=\"elementor-widget-container\">\n\t\t\t\t\t\t\t<p style=\"background-color: #c48922; font-size: 20px; padding: 10px 25px 10px 30px; color: #4a170d; font-weight: 600;\"><strong>31\/01\/2026 &#8211; S\u00c1BADO<\/strong><\/p><p><strong>8h<\/strong> <strong>&#8211; TA\u00c7A JOS\u00c9 ALENCAR FAGUNDES <\/strong><strong>(em mem\u00f3ria)<\/strong><strong> &#8211;<\/strong><strong> Inscri\u00e7\u00e3o 01 a 400<\/strong><\/p><p>&#8211; Inscri\u00e7\u00e3o: R$ 1.500,00 (1\u00ba lote at\u00e9 23\/12\/2025); R$ 1.700,00 (2\u00ba lote at\u00e9 23\/01\/2026). Se restar inscri\u00e7\u00f5es, no evento R$ 2.000,00.<\/p><p><strong>Premia\u00e7\u00e3o:<\/strong><\/p><p>For\u00e7a A: 01 autom\u00f3vel VW Polo (para em 03 duplas ou menos)<\/p><p>For\u00e7a B: R$ 50.000,00 (para em 05 duplas ou menos)\u00a0\u00a0\u00a0\u00a0\u00a0\u00a0\u00a0\u00a0\u00a0\u00a0\u00a0\u00a0\u00a0\u00a0\u00a0\u00a0\u00a0\u00a0\u00a0<\/p><p>Classificam-se com tr\u00eas armadas For\u00e7a B e quatro armadas For\u00e7a A, mais duas voltas no pelot\u00e3o, uma inscri\u00e7\u00e3o por la\u00e7ador na Ta\u00e7a. Inscri\u00e7\u00f5es antecipadas e limitadas pela comiss\u00e3o organizadora. Ser\u00e3o no m\u00e1ximo 700 inscri\u00e7\u00f5es.<\/p><p>\u00a0Obs.: Da 01 at\u00e9 a 46 ser\u00e3o doadas aos Quadros de La\u00e7adores filiados ao CTG Porteira do Rio Grande.<\/p><p><strong>9h \u2013 DESFILE DOS CAVALARIANOS E CARAVANAS VISITANTES <\/strong><strong>(concentra\u00e7\u00e3o em frente \u00e0 Igreja de F\u00e1tima seguindo pelas ruas da cidade com destino ao Parque de Rodeios)<\/strong><\/p><p><strong>14h- LA\u00c7O SELE\u00c7\u00c3O DE REGI\u00d5ES (10 homens) &#8211; 1\u00aa e 2\u00aa volta<\/strong><\/p><p>&#8211; Inscri\u00e7\u00e3o: R$ 4.500,00 (1\u00ba lote at\u00e9 23\/12\/2025); R$ 5.000,00 (2\u00ba lote at\u00e9 23\/01\/2026). Se restar inscri\u00e7\u00f5es, no evento R$ 6.000,000<\/p><p>Para em 01 equipe.<\/p><p>Dever\u00e1 ser formada por equipes de 10 la\u00e7adores, devendo ter no m\u00ednimo 05 la\u00e7adores da mesma Regi\u00e3o Tradicionalista. Ser\u00e1 necess\u00e1ria a apresenta\u00e7\u00e3o do cart\u00e3o tradicionalista. Sele\u00e7\u00f5es de Estados que n\u00e3o possuem o referido cart\u00e3o, os la\u00e7adores n\u00e3o poder\u00e3o ter v\u00ednculo com nenhuma RT dos MTGs, sendo eliminada a sele\u00e7\u00e3o caso seja encontrada alguma irregularidade sem direito \u00e0 premia\u00e7\u00e3o e\/ou devolu\u00e7\u00e3o do valor da inscri\u00e7\u00e3o. Havendo alguma irregularidade ser\u00e1 informado o MTG da regi\u00e3o pertencente para an\u00e1lise e julgamento do fato. Tr\u00eas voltas de la\u00e7o, saindo campe\u00e3 a equipe que obter o maior n\u00famero de armadas. Somente ser\u00e1 entregue a premia\u00e7\u00e3o ap\u00f3s apresenta\u00e7\u00e3o da documenta\u00e7\u00e3o exigida. O n\u00famero de inscri\u00e7\u00f5es ser\u00e1 limitado pela comiss\u00e3o organizadora em no m\u00e1ximo 50 sele\u00e7\u00f5es.<\/p><p><strong>Premia\u00e7\u00e3o:<\/strong><\/p><p>1\u00ba &#8211; R$ 30.000,00 + 10 trof\u00e9us<\/p><p>\u00a02\u00ba \u2013 R$ 12.000,00<\/p><p>\u00a03\u00ba \u2013 R$ 6.000,00<\/p><p>&#8211; <strong>CONTINUA\u00c7\u00c3O TA\u00c7A JOS\u00c9 ALENCAR FAGUNDES <\/strong><strong>(em mem\u00f3ria)<\/strong><\/p><p><strong>18h &#8211; ORA\u00c7\u00c3O DA AVE MARIA<\/strong><\/p><p><strong>18h30min &#8211; GINETEADA NACIONAL &#8211; <\/strong>1\u00aa Classificat\u00f3ria (25 montarias)<\/p><p>Classificam-se 20 ginetes entre as 03 classificat\u00f3rias com as melhores notas de campana para a final do dia 03\/02\/2026.<\/p><p>Inscri\u00e7\u00e3o: R$ 1.200,00<\/p><p><strong>Premia\u00e7\u00e3o:<\/strong><\/p><p>1\u00ba lugar: R$ 10.000,00 + trof\u00e9u e a vaga para a Gineteada Internacional.<\/p><p>2\u00ba lugar: R$ 4.000,00 + trof\u00e9u e a vaga para a Gineteada Internacional.<\/p><p>\u00a03\u00ba lugar: R$ 3.000,00 + trof\u00e9u e a vaga para a Gineteada Internacional.<\/p><p>4\u00ba lugar: R$ 2.000,00 + trof\u00e9u e a vaga para a Gineteada Internacional.<\/p><p>\u00a05\u00ba lugar: R$ 1.500,00 + trof\u00e9u e a vaga para a Gineteada Internacional.<\/p><p>6\u00ba ao 10\u00ba lugar: vaga para a Gineteada Internacional.<\/p><p>Obs.: Ginetes pr\u00e9-selecionados pelo CTG Porteira do Rio Grande.<\/p><p><strong>&#8211; CONTINUA\u00c7\u00c3O TA\u00c7A JOS\u00c9 ALENCAR FAGUNDES <\/strong><strong>(em mem\u00f3ria)<\/strong><\/p><p style=\"background-color: #c48922; font-size: 20px; padding: 10px 25px 10px 30px; color: #4a170d; font-weight: 600;\">01\/02\/2026 \u2013 DOMINGO<\/p><p><strong>7h &#8211; LA\u00c7O SELE\u00c7\u00c3O DE REGI\u00d5ES (10 homens) &#8211; 3\u00aa volta<\/strong><\/p><p><strong>&#8211; FINAL DO LA\u00c7O SELE\u00c7\u00c3O DE REGI\u00d5ES <\/strong><\/p><p><strong>\u00a0<\/strong>\u00a0<strong>\u2013 LA\u00c7O DUPLA OFICIAL DO RODEIO<\/strong> \u2013 1\u00aa Classificat\u00f3ria<\/p><p>In\u00edcio das duplas de 01 a 200 inscritas antecipadamente. Obs.: Da 01 at\u00e9 a 46 ser\u00e3o doadas aos Quadros de La\u00e7adores filiados ao CTG Porteira do Rio Grande.<\/p><p>&#8211; Inscri\u00e7\u00e3o: R$ 1.800,00<\/p><p><strong>SOMENTE UMA INSCRI\u00c7\u00c3O POR LA\u00c7ADOR NA MODALIDADE<\/strong><\/p><p><strong>For\u00e7a &#8220;A&#8221;<\/strong> &#8211; 6 armadas (para em uma dupla)<\/p><p><strong>For\u00e7a &#8220;B&#8221; &#8211; <\/strong>\u00a05 armadas (para em quatro duplas ou menos)<\/p><p><strong>For\u00e7a &#8220;C&#8221;<\/strong> &#8211; 4 armadas (para em seis duplas ou menos)<\/p><p><strong>For\u00e7a &#8220;D&#8221;<\/strong> &#8211; 3 armadas (para em dez duplas ou menos)<\/p><p><strong>Premia\u00e7\u00e3o:<\/strong><\/p><p>For\u00e7a &#8220;A&#8221; &#8211; 01 camionete VW Amarok V6 4X4 diesel 0 km + trof\u00e9us<\/p><p>For\u00e7a &#8220;B&#8221; &#8211; 01 camionete VW Saveiro 0 km + trof\u00e9us<\/p><p>For\u00e7a &#8220;C&#8221; &#8211; 01 autom\u00f3vel VW Polo 0 km + trof\u00e9us<\/p><p>For\u00e7a &#8220;D&#8221; &#8211; 01 moto Honda CG 160 Start 0 km + trof\u00e9us<\/p><p><strong>&#8211; TA\u00c7A JOS\u00c9 ALENCAR FAGUNDES <\/strong><strong>(em mem\u00f3ria)<\/strong> <strong>&#8211; Inscri\u00e7\u00e3o 401 a 700<\/strong>&#8211;<\/p><p><strong>18h &#8211; ORA\u00c7\u00c3O DA AVE MARIA<\/strong><\/p><p><strong>18h30min &#8211; GINETEADA NACIONAL \u2013<\/strong> 2\u00aa Classificat\u00f3ria (25 montarias)<\/p><p><strong>Semifinal TA\u00c7A JOS\u00c9 ALENCAR FAGUNDES <\/strong><strong>(em mem\u00f3ria)<\/strong><\/p><p style=\"background-color: #c48922; font-size: 20px; padding: 10px 25px 10px 30px; color: #4a170d; font-weight: 600;\">02\/02\/2026 &#8211; SEGUNDA-FEIRA<\/p><p><strong>7h<\/strong> &#8211; <strong>LA\u00c7O PATR\u00c3O E CAPATAZ CAMPEIRO DE CTG <\/strong>(com cart\u00e3o tradicionalista, ata de posse original ou c\u00f3pia autenticada).<\/p><p>Inscri\u00e7\u00e3o: R$ 600,00<\/p><p>Ocorrer\u00e1 em dupla, em car\u00e1ter eliminat\u00f3rio, voltando para a disputa as duplas que obterem 100% de aproveitamento, para em 3 duplas ou menos<\/p><p><strong>Premia\u00e7\u00e3o:<\/strong> \u00a0R$ 5.400,00 + trof\u00e9us<\/p><p><strong>8h- Inscri\u00e7\u00f5es Vaca Parada<\/strong> (Gratuita, sendo que se encerram quando iniciar a modalidade\/categoria. Obrigat\u00f3ria a apresenta\u00e7\u00e3o de documento com foto no momento da inscri\u00e7\u00e3o).<\/p><p><strong>9h \u2013 VACA PARADA<\/strong> &#8211; <strong>(Com regulamento pr\u00f3prio do 36\u00ba Rodeio Crioulo Internacional de Vacaria &#8211; site) <\/strong>\u2013 Palco Art\u00edstica (gramado central)<\/p><p>(La\u00e7o inclus\u00e3o)<\/p><p>Categorias &#8211; Piazinho: at\u00e9 05 anos<\/p><p>\u00a0 \u00a0 \u00a0 \u00a0 \u00a0 \u00a0 \u00a0 \u00a0 \u00a0 \u00a0Piazito: at\u00e9 07 anos\u00a0\u00a0\u00a0\u00a0\u00a0\u00a0 \u00a0\u00a0\u00a0\u00a0<\/p><p>\u00a0 \u00a0 \u00a0 \u00a0 \u00a0 \u00a0 \u00a0 \u00a0 \u00a0 \u00a0Pi\u00e1: at\u00e9 10 anos \u00a0\u00a0\u00a0\u00a0<\/p><p><strong>Premia\u00e7\u00e3o:<\/strong><\/p><p>1\u00ba lugar de cada categoria: 01 bicicleta + trof\u00e9u, 2\u00ba e 3\u00ba somente trof\u00e9u.<\/p><p><strong>8h \u2013 Inscri\u00e7\u00f5es Vaca Parada <\/strong>(Gratuita, sendo que se encerram quando iniciar a modalidade\/categoria. Obrigat\u00f3ria a apresenta\u00e7\u00e3o de documento com foto no momento da inscri\u00e7\u00e3o).<\/p><p><strong>9h \u2013 VACA PARADA<\/strong> \u2013 <strong>(Com regulamento pr\u00f3prio do 36\u00ba Rodeio Crioulo Internacional de Vacaria &#8211; site) <\/strong>\u2013 Palco 5 Art\u00edstica (atr\u00e1s da concha ac\u00fastica).<\/p><p>(La\u00e7o inclus\u00e3o)<\/p><p>Categorias \u2013 Bonequinha: at\u00e9 05 anos<\/p><p>\u00a0 \u00a0 \u00a0 \u00a0 \u00a0 \u00a0 \u00a0 \u00a0 \u00a0 \u00a0Prenda Mirim: at\u00e9 07 anos<\/p><p><strong>La\u00e7o Inclus\u00e3o<\/strong> (Masculino e Feminino) &#8211; Obrigat\u00f3ria a apresenta\u00e7\u00e3o de laudo.<\/p><p>\u00a0 \u00a0 \u00a0 \u00a0 \u00a0 \u00a0 \u00a0 \u00a0 \u00a0 \u00a0Prendinha: at\u00e9 10 anos<\/p><p><strong>Premia\u00e7\u00e3o:<\/strong><\/p><p>1\u00ba lugar de cada categoria: 01 bicicleta + trof\u00e9u, 2\u00ba e 3\u00ba somente trof\u00e9u.<\/p><p><strong>&#8211; LA\u00c7O QUARTETO SICOOB-<\/strong> <strong>ELIMINT\u00d3RIO <\/strong><strong>&#8211; <\/strong><strong>246 inscri\u00e7\u00f5es<\/strong><\/p><p>&#8211; Inscri\u00e7\u00e3o: R$ 1.500,00 (1\u00ba lote at\u00e9 23\/12\/2025); R$ 1.700,00 (2\u00ba lote at\u00e9 23\/01\/2026). Se restar inscri\u00e7\u00f5es, no evento R$ 2.000,00.<\/p><p>Classificam-se com 100%, uma inscri\u00e7\u00e3o por la\u00e7ador. Inscri\u00e7\u00f5es limitadas pela Comiss\u00e3o Organizadora em no m\u00e1ximo 246 inscri\u00e7\u00f5es. Os la\u00e7adores devem ser da mesma regi\u00e3o tradicionalista. Obs.: Da 01 at\u00e9 a 46 ser\u00e3o doadas aos Quadros de La\u00e7adores filiados ao CTG Porteira do Rio Grande.<\/p><p><strong>Premia\u00e7\u00e3o:<\/strong> R$ 60.000,00 + trof\u00e9us<\/p><p><strong>&#8211; ELIMINAT\u00d3RIA &#8211; TA\u00c7A JOS\u00c9 ALENCAR FAGUNDES <\/strong><strong>(em mem\u00f3ria)<\/strong><\/p><p><strong>18h &#8211; ORA\u00c7\u00c3O DA AVE MARIA<\/strong><\/p><p><strong>20h30min &#8211; GINETEADA NACIONAL \u2013<\/strong> 3\u00aa Classificat\u00f3ria (25 montarias)<\/p><p><strong>&#8211; CONTINUA\u00c7\u00c3O TA\u00c7A JOS\u00c9 ALENCAR FAGUNDES <\/strong><strong>(em mem\u00f3ria)<\/strong><\/p><p style=\"background-color: #c48922; font-size: 20px; padding: 10px 25px 10px 30px; color: #4a170d; font-weight: 600;\">03\/02\/2026 &#8211; TER\u00c7A-FEIRA<\/p><p><strong>7h<\/strong> <strong>&#8211; LA\u00c7O GURI<\/strong> (12 a 14 anos)<\/p><p>Inscri\u00e7\u00e3o: R$ 360,00<\/p><p>Quem la\u00e7ar a primeira classifica. Quem n\u00e3o la\u00e7ar volta para a segunda. Ap\u00f3s eliminat\u00f3ria, para em tr\u00eas ou menos.<\/p><p><strong>Premia\u00e7\u00e3o:<\/strong> R$ 5.400,00 + trof\u00e9us<\/p><p><strong>&#8211; LA\u00c7O PI\u00c1<\/strong> (10 a 11 anos)<\/p><p>Inscri\u00e7\u00e3o: R$ 250,00<\/p><p>Quem la\u00e7ar a primeira classifica. Quem n\u00e3o la\u00e7ar volta para a segunda. Ap\u00f3s eliminat\u00f3ria, para em tr\u00eas ou menos.<\/p><p><strong>Premia\u00e7\u00e3o:<\/strong> 3.000,00 + trof\u00e9us<\/p><p><strong>\u00a0<\/strong><strong>&#8211; LA\u00c7O PIAZITO<\/strong> (at\u00e9 10 anos incompletos)<\/p><p>Inscri\u00e7\u00e3o: R$ 220,00<\/p><p>Quem la\u00e7ar a primeira classifica. Quem n\u00e3o la\u00e7ar volta para a segunda. Ap\u00f3s eliminat\u00f3ria, para em tr\u00eas ou menos.<\/p><p><strong>Premia\u00e7\u00e3o:<\/strong> R$ 2.400,00 + trof\u00e9us<\/p><p><strong>&#8211; LA\u00c7O PAI E FILHO<\/strong> (15 anos ou mais)<\/p><p>Inscri\u00e7\u00e3o: R$ 800,00<\/p><p>Classificam-se com uma e duas armadas. Ap\u00f3s eliminat\u00f3ria. Para em tr\u00eas duplas ou menos.<\/p><p><strong>Premia\u00e7\u00e3o:<\/strong> R$ 10.500,00 + trof\u00e9us<\/p><p><strong>18h &#8211; ORA\u00c7\u00c3O DA AVE MARIA<\/strong><\/p><p><strong>&#8211; CONTINUA\u00c7\u00c3O DO LA\u00c7O PAI E FILHO<\/strong><\/p><p><strong>20h30min \u2013 GINETEADA NACIONAL <\/strong><strong>\u2013 Semifinal e Final<\/strong> (20 + 05 montarias)<\/p>\t\t\t\t\t\t<\/div>\n\t\t\t\t<\/div>\n\t\t\t\t\t<\/div>\n\t\t<\/div>\n\t\t\t\t<div class=\"elementor-column elementor-col-50 elementor-inner-column elementor-element elementor-element-b964b6f sc_inner_width_none sc_content_align_inherit sc_layouts_column_icons_position_left sc_fly_static\" data-id=\"b964b6f\" data-element_type=\"column\">\n\t\t\t<div class=\"elementor-widget-wrap elementor-element-populated\">\n\t\t\t\t\t\t\t\t<div class=\"elementor-element elementor-element-44ac4b1 sc_fly_static elementor-widget elementor-widget-text-editor\" data-id=\"44ac4b1\" data-element_type=\"widget\" data-widget_type=\"text-editor.default\">\n\t\t\t\t<div class=\"elementor-widget-container\">\n\t\t\t\t\t\t\t<p style=\"background-color: #c48922; font-size: 20px; padding: 10px 25px 10px 30px; color: #4a170d; font-weight: 600;\">04\/02\/2026 &#8211; QUARTA-FEIRA<\/p><p><strong>7h <\/strong>&#8211; <strong>LA\u00c7O PRENDA<\/strong> (15 anos ou mais)<\/p><p>Quem la\u00e7ar a primeira classifica. Quem n\u00e3o la\u00e7ar volta para a segunda. Ap\u00f3s eliminat\u00f3ria, para em tr\u00eas ou menos.<\/p><p>Inscri\u00e7\u00e3o: R$ 600,00<\/p><p><strong>Premia\u00e7\u00e3o:<\/strong> R$ 12.000,00 + trof\u00e9us<\/p><p><strong>&#8211; LA\u00c7O PRENDA JUVENIL<\/strong> (12 a 14 anos)<\/p><p>Inscri\u00e7\u00e3o: R$ 250,00<\/p><p>Quem la\u00e7ar a primeira classifica. Quem n\u00e3o la\u00e7ar volta para a segunda. Ap\u00f3s eliminat\u00f3ria, para em tr\u00eas ou menos.<\/p><p><strong>Premia\u00e7\u00e3o:<\/strong> R$ 3.000,00 + trof\u00e9us<\/p><p><strong>&#8211; LA\u00c7O PRENDINHA<\/strong> (at\u00e9 11 anos incompletos)<\/p><p>Inscri\u00e7\u00e3o: R$ 220,00<\/p><p>Quem la\u00e7ar a primeira classifica. Quem n\u00e3o la\u00e7ar volta para a segunda. Ap\u00f3s eliminat\u00f3ria, para em tr\u00eas ou menos.<\/p><p>Premia\u00e7\u00e3o: R$ 2.400,00 + trof\u00e9us<\/p><p><strong>&#8211; LA\u00c7O PAI E FILHA<\/strong><\/p><p>Inscri\u00e7\u00e3o: R$ 500,00<\/p><p>Classificam-se com uma e duas armadas. Ap\u00f3s eliminat\u00f3ria. Para em tr\u00eas duplas ou menos.<\/p><p><strong>Premia\u00e7\u00e3o:<\/strong> R$ 7.200,00 + trof\u00e9us<\/p><p><strong>&#8211; LA\u00c7O M\u00c3E E FILHA\/ M\u00c3E E FILHO<\/strong><\/p><p>Inscri\u00e7\u00e3o: 420,00<\/p><p>Classificam-se com uma e duas armadas. Ap\u00f3s eliminat\u00f3ria. Para em tr\u00eas duplas ou menos.<\/p><p><strong>Premia\u00e7\u00e3o:<\/strong> R$ 2.400,00 + trof\u00e9us<\/p><p><strong>&#8211; LA\u00c7O PAI E FILHO<\/strong> (at\u00e9 15 anos incompletos)<\/p><p>Inscri\u00e7\u00e3o: R$ 500,00<\/p><p>Classificam-se com uma e duas armadas. Ap\u00f3s eliminat\u00f3ria. Para em tr\u00eas duplas ou menos.<\/p><p><strong>Premia\u00e7\u00e3o:<\/strong> 7.200,00 + trof\u00e9us<\/p><p><strong>18h &#8211; ORA\u00c7\u00c3O DA AVE MARIA<\/strong><\/p><p><strong>20 horas \u2013 1\u00ba LEIL\u00c3O RANCHO KRETZER E CONVIDADOS \u2013 QUARTO DE MILHA<\/strong><\/p><p><strong>20h30min \u2013 GINETEADA INTERNACIONAL<\/strong> \u2013 1\u00aa Classificat\u00f3ria (10 premiados da Gineteada Nacional + 11 montarias)<\/p><p>Classificam-se 20 ginetes entre as 03 classificat\u00f3rias com as melhores notas de campana para a semifinal do dia 08\/02\/2026.<\/p><p>Inscri\u00e7\u00e3o: R$ 1.500,00<\/p><p><strong>Premia\u00e7\u00e3o: <\/strong><\/p><p>1\u00ba lugar: 01 autom\u00f3vel VW Polo 0 km + trof\u00e9u.<\/p><p>2\u00ba lugar: R$ 12.000,00 + trof\u00e9u.<\/p><p>\u00a03\u00ba lugar: R$ 6.000,00 + trof\u00e9u.<\/p><p>4\u00ba lugar: R$ 3.000,00 + trof\u00e9u.<\/p><p>\u00a05\u00ba lugar: R$ 2.000,00 + trof\u00e9u.<\/p><p>Obs.: Ginetes pr\u00e9-selecionados pelo CTG Porteira do Rio Grande.<\/p><p style=\"background-color: #c48922; font-size: 20px; padding: 10px 25px 10px 30px; color: #4a170d; font-weight: 600;\">05\/02\/2025 &#8211; QUINTA-FEIRA<\/p><p><strong>7h<\/strong> <strong>&#8211; LA\u00c7O VETERANO<\/strong> (60 a 69 anos)<\/p><p>Inscri\u00e7\u00e3o: R$ 300,00<\/p><p>Quem la\u00e7ar a primeira classifica. Quem n\u00e3o la\u00e7ar volta para a segunda. Ap\u00f3s eliminat\u00f3ria. Para em tr\u00eas ou menos.<\/p><p><strong>Premia\u00e7\u00e3o:<\/strong> R$ 2.400,00 + trof\u00e9us<\/p><p><strong>&#8211; LA\u00c7O VAQUEANO<\/strong> (70 anos ou mais)<\/p><p>Inscri\u00e7\u00e3o: R$ 300,00<\/p><p>Quem la\u00e7ar a primeira classifica. Quem n\u00e3o la\u00e7ar volta para a segunda. Ap\u00f3s eliminat\u00f3ria. Para em tr\u00eas ou menos.<\/p><p><strong>Premia\u00e7\u00e3o:<\/strong> R$ 2.400,00 +\u00a0 trof\u00e9us<\/p><p><strong>&#8211; LA\u00c7O GERA\u00c7\u00c3O<\/strong><\/p><p>Formado pelo pai, filho(a) e neto(a), mediante apresenta\u00e7\u00e3o de documentos.<\/p><p>As medidas das armadas dever\u00e3o respeitar o regulamento da categoria de cada um dos competidores. Classificam-se com duas e tr\u00eas armadas ap\u00f3s eliminat\u00f3ria.<\/p><p>Inscri\u00e7\u00e3o: R$ 720,00<\/p><p><strong>Premia\u00e7\u00e3o:<\/strong><\/p><p>1\u00ba lugar: R$ 2.100,00 + 03 trof\u00e9us<\/p><p>2\u00ba lugar: 03 trof\u00e9us<\/p><p><strong>&#8211; DUPLA OFICIAL <\/strong>&#8211; 2\u00aa Classificat\u00f3ria (da 201 a 300)<\/p><p>&#8211; Inscri\u00e7\u00e3o: R$ 2.200,00<\/p><p>&#8211; <strong>CRIOULA\u00c7O OFICIAL ABCCC<\/strong><\/p><p>Regulamento do 36\u00ba Rodeio Crioulo Internacional de Vacaria e da ABCCC.<\/p><p>Uma inscri\u00e7\u00e3o por cavalo e la\u00e7ador. Inscri\u00e7\u00f5es limitadas.<\/p><p>Somente cavalos confirmados. Ser\u00e1 exigido apresenta\u00e7\u00e3o da documenta\u00e7\u00e3o do animal.<\/p><p>Classificam-se com tr\u00eas e quatro armadas ap\u00f3s eliminat\u00f3ria. Para em tr\u00eas duplas ou menos.<\/p><p>&#8211; Inscri\u00e7\u00e3o: R$ 2.200,00 (1\u00ba lote at\u00e9 23\/12\/2025); R$ 2.600,00 (2\u00ba lote at\u00e9 23\/01\/2026). No evento R$ 3.000,00.<\/p><p><strong>Premia\u00e7\u00e3o:<\/strong> R$ 60.000,00 + trof\u00e9us<\/p><p><strong>18h &#8211; ORA\u00c7\u00c3O DA AVE MARIA <\/strong><\/p><p><strong>&#8211; CONTINUA\u00c7\u00c3O E FINAL DO CRIOULA\u00c7O OFICIAL ABCCC<\/strong><\/p><p><strong>20h30min \u2013 GINETEADA INTERNACIONAL DE GURUPA SURENA<\/strong><\/p><p>Classificam-se 03 ginetes para final no dia 08\/02\/2026.<\/p><p>Inscri\u00e7\u00e3o; 500,00<\/p><p><strong>Premia\u00e7\u00e3o:<\/strong><\/p><p>1\u00ba lugar: 3.000,00 + trof\u00e9u<\/p><p>2\u00ba lugar: 2.000,00 + trof\u00e9u<\/p><p>3\u00ba lugar: 1000,00 + trof\u00e9u \u00a0\u00a0\u00a0\u00a0\u00a0\u00a0\u00a0\u00a0\u00a0\u00a0<\/p><p>1\u00ba Classificat\u00f3ria\u00a0\u00a0\u00a0\u00a0\u00a0 (04 montarias)<\/p><p>Obs.: Ginetes pr\u00e9-selecionados pelo CTG Porteira do Rio Grande.<\/p><p><strong>&#8211; GINETEADA INTERNACIONAL <\/strong>(22 montarias)<strong>\u00a0\u00a0\u00a0\u00a0\u00a0\u00a0 <\/strong><\/p><p style=\"background-color: #c48922; font-size: 20px; padding: 10px 25px 10px 30px; color: #4a170d; font-weight: 600;\">06\/02\/2026 &#8211; SEXTA-FEIRA<\/p><p><strong>7h &#8211; LA\u00c7O DUPLA OFICIAL DO RODEIO<\/strong> &#8211; 3\u00aa Classificat\u00f3ria (da 301 at\u00e9 o final) &#8211; Inscri\u00e7\u00e3o: R$ 2.900,00 (antecipada at\u00e9 23\/01\/2026). No evento R$ 3.600,00.<\/p><p><strong>18h &#8211; ORA\u00c7\u00c3O DA AVE MARIA<\/strong><\/p><p><strong>20h30min \u2013 GINETEADA INTERNACIONAL DE GURUPA SURENA<\/strong> (04 montarias)<\/p><p><strong>GINETEADA INTERNACIONAL<\/strong> (22 montarias)<\/p><p><strong>&#8211; CONTINUA\u00c7\u00c3O DO LA\u00c7O DUPLA OFICIAL DO RODEIO<\/strong><\/p><p><strong>&#8211; ELIMINAT\u00d3RIA DUPLA OFICIAL FOR\u00c7A &#8220;B&#8221; E FOR\u00c7A &#8220;A&#8221;<\/strong><\/p><p style=\"background-color: #c48922; font-size: 20px; padding: 10px 25px 10px 30px; color: #4a170d; font-weight: 600;\">07\/02\/2026 \u2013 S\u00c1BADO<\/p><p><strong>7h &#8211; ELIMINAT\u00d3RIA DO LA\u00c7O DUPLA OFICIAL DO RODEIO (For\u00e7a &#8220;D&#8221;, &#8220;C&#8221;, &#8220;B&#8221; e &#8220;A&#8221;)<\/strong><\/p><p><strong>14h- LA\u00c7O SELE\u00c7\u00c3O DOS ESTADOS <\/strong><\/p><p>01 inscri\u00e7\u00e3o por Estado (10 homens + 05 prendas), com a obrigatoriedade de todos os la\u00e7adores inscritos pertencerem ao referido Estado, comprovado por cart\u00e3o ou documento que comprove. Somente para esta modalidade, ser\u00e1 permitido o uso da indument\u00e1ria e encilhas t\u00edpica de cada Estado. O representante de cada Sele\u00e7\u00e3o dever\u00e1 encaminhar a inscri\u00e7\u00e3o \u00e0 secretaria at\u00e9 dia 09\/02\/2026 para an\u00e1lise da comiss\u00e3o organizadora. Essas exig\u00eancias s\u00e3o para valorizar e divulgar a cultura de cada Estado.<\/p><p><strong>&#8211; CONTINUA\u00c7\u00c3O ELIMINAT\u00d3RIA DO LA\u00c7O DUPLA OFICIAL DO RODEIO<\/strong><\/p><p><strong>18h &#8211; ORA\u00c7\u00c3O DA AVE MARIA <\/strong><\/p><p><strong>20h30min &#8211; GINETEADA INTERNACIONAL DE GURUPA SURENA<\/strong> (04 montarias)<\/p><p><strong>\u00a0ELIMINAT\u00d3RIA GINETEADA INTERNACIONAL<\/strong> (20 montarias)\u00a0\u00a0<\/p><p><strong>&#8211; CONTINUA\u00c7\u00c3O ELIMINAT\u00d3RIA DO LA\u00c7O DUPLA OFICIAL DO RODEIO<\/strong><\/p><p style=\"background-color: #c48922; font-size: 20px; padding: 10px 25px 10px 30px; color: #4a170d; font-weight: 600;\">08\/02\/2026 &#8211; DOMINGO<\/p><p><strong>7h &#8211; SEMIFINAL DO LA\u00c7O DUPLA OFICIAL DO RODEIO (For\u00e7a &#8220;D&#8221;, &#8220;C&#8221;, &#8220;B&#8221; e &#8220;A&#8221;)<\/strong><\/p><p><strong>&#8211; FINAL DO LA\u00c7O DUPLA OFICIAL DO RODEIO (For\u00e7a &#8220;D&#8221;, &#8220;C&#8221;, &#8220;B&#8221; e &#8220;A&#8221;)<\/strong><\/p><p><strong>17h \u2013<\/strong><strong>\u00a0SEMIFINAL DA GINETEADA INTERNACIONAL <\/strong>(10 montarias)<\/p><p><strong>\u00a0FINAL DA GINETEADA INTERNACIONAL DE GURUPA SURENA<\/strong> (03 montarias)<\/p><p><strong>&#8211; FINAL DA GINETEADA INTERNACIONAL <\/strong>(05 montarias)<\/p><p><strong>&#8211; CONTINUA\u00c7\u00c3O FINAL DO LA\u00c7O DUPLA OFICIAL DO RODEIO<\/strong><\/p>\t\t\t\t\t\t<\/div>\n\t\t\t\t<\/div>\n\t\t\t\t\t<\/div>\n\t\t<\/div>\n\t\t\t\t\t\t\t<\/div>\n\t\t<\/section>\n\t\t\t\t<div class=\"elementor-element elementor-element-0f8271e sc_fly_static elementor-widget elementor-widget-text-editor\" data-id=\"0f8271e\" data-element_type=\"widget\" data-widget_type=\"text-editor.default\">\n\t\t\t\t<div class=\"elementor-widget-container\">\n\t\t\t\t\t\t\t\t\t\t\t\t\t<\/div>\n\t\t\t\t<\/div>\n\t\t\t\t<div class=\"elementor-element elementor-element-d6dd2d3 sc_height_large sc_fly_static elementor-widget elementor-widget-spacer\" data-id=\"d6dd2d3\" data-element_type=\"widget\" data-widget_type=\"spacer.default\">\n\t\t\t\t<div class=\"elementor-widget-container\">\n\t\t\t\t\t<div class=\"elementor-spacer\">\n\t\t\t<div class=\"elementor-spacer-inner\"><\/div>\n\t\t<\/div>\n\t\t\t\t<\/div>\n\t\t\t\t<\/div>\n\t\t\t\t\t<\/div>\n\t\t<\/div>\n\t\t\t\t\t\t\t<\/div>\n\t\t<\/section>\n\t\t\t\t<section class=\"elementor-section elementor-top-section elementor-element elementor-element-21007b6 elementor-section-stretched elementor-section-boxed elementor-section-height-default elementor-section-height-default wpr-particle-no wpr-jarallax-no wpr-parallax-no wpr-sticky-section-no wpr-equal-height-no sc_fly_static\" data-id=\"21007b6\" data-element_type=\"section\" data-settings=\"{&quot;stretch_section&quot;:&quot;section-stretched&quot;,&quot;background_background&quot;:&quot;classic&quot;}\">\n\t\t\t\t\t\t\t<div class=\"elementor-background-overlay\"><\/div>\n\t\t\t\t\t\t\t<div class=\"elementor-container elementor-column-gap-extended\">\n\t\t\t\t\t<div class=\"elementor-column elementor-col-100 elementor-top-column elementor-element elementor-element-cfe325e sc_inner_width_none sc_content_align_inherit sc_layouts_column_icons_position_left sc_fly_static\" data-id=\"cfe325e\" data-element_type=\"column\">\n\t\t\t<div class=\"elementor-widget-wrap elementor-element-populated\">\n\t\t\t\t\t\t\t\t<div class=\"elementor-element elementor-element-fbbe39d sc_height_large sc_fly_static elementor-widget elementor-widget-spacer\" data-id=\"fbbe39d\" data-element_type=\"widget\" data-widget_type=\"spacer.default\">\n\t\t\t\t<div class=\"elementor-widget-container\">\n\t\t\t\t\t<div class=\"elementor-spacer\">\n\t\t\t<div class=\"elementor-spacer-inner\"><\/div>\n\t\t<\/div>\n\t\t\t\t<\/div>\n\t\t\t\t<\/div>\n\t\t\t\t<div class=\"elementor-element elementor-element-6196cf5 sc_fly_static elementor-widget elementor-widget-trx_sc_title\" data-id=\"6196cf5\" data-element_type=\"widget\" data-widget_type=\"trx_sc_title.default\">\n\t\t\t\t<div class=\"elementor-widget-container\">\n\t\t\t<div\t\tclass=\"sc_title sc_title_default\" ><span class=\"sc_item_subtitle sc_title_subtitle sc_item_subtitle_above sc_item_title_style_default\">Fale conosco<\/span><h2 class=\"sc_item_title sc_title_title sc_item_title_style_default\"\n\t\t\t><span class=\"sc_item_title_text\">Telefones \u00dateis <\/span><\/h2><div class=\"sc_item_descr sc_title_descr\"><p>Precisando de mais informa\u00e7\u00f5es ou de aux\u00edlio sobre o Rodeio, entre em contato pelos seguintes telefones:<\/p>\n<\/div><\/div>\t\t<\/div>\n\t\t\t\t<\/div>\n\t\t\t\t<section class=\"elementor-section elementor-inner-section elementor-element elementor-element-e877fa4 elementor-section-boxed elementor-section-height-default elementor-section-height-default wpr-particle-no wpr-jarallax-no wpr-parallax-no wpr-sticky-section-no wpr-equal-height-no sc_fly_static\" data-id=\"e877fa4\" data-element_type=\"section\">\n\t\t\t\t\t\t<div class=\"elementor-container elementor-column-gap-extended\">\n\t\t\t\t\t<div class=\"elementor-column elementor-col-50 elementor-inner-column elementor-element elementor-element-4fb2a8d sc_inner_width_none sc_content_align_inherit sc_layouts_column_icons_position_left sc_fly_static\" data-id=\"4fb2a8d\" data-element_type=\"column\">\n\t\t\t<div class=\"elementor-widget-wrap elementor-element-populated\">\n\t\t\t\t\t\t\t\t<div class=\"elementor-element elementor-element-7269ce5 elementor-icon-list--layout-traditional elementor-list-item-link-full_width sc_fly_static elementor-widget elementor-widget-icon-list\" data-id=\"7269ce5\" data-element_type=\"widget\" data-widget_type=\"icon-list.default\">\n\t\t\t\t<div class=\"elementor-widget-container\">\n\t\t\t\t\t<ul class=\"elementor-icon-list-items\">\n\t\t\t\t\t\t\t<li class=\"elementor-icon-list-item\">\n\t\t\t\t\t\t\t\t\t\t\t<a href=\"#\">\n\n\t\t\t\t\t\t\t\t\t\t\t\t<span class=\"elementor-icon-list-icon\">\n\t\t\t\t\t\t\t<i aria-hidden=\"true\" class=\"fas fa-phone-alt\"><\/i>\t\t\t\t\t\t<\/span>\n\t\t\t\t\t\t\t\t\t\t<span class=\"elementor-icon-list-text\">Patr\u00e3o: Jeferson Camargo- (54) 9.9953-5099<\/span>\n\t\t\t\t\t\t\t\t\t\t\t<\/a>\n\t\t\t\t\t\t\t\t\t<\/li>\n\t\t\t\t\t\t\t\t<li class=\"elementor-icon-list-item\">\n\t\t\t\t\t\t\t\t\t\t\t<a href=\"#\">\n\n\t\t\t\t\t\t\t\t\t\t\t\t<span class=\"elementor-icon-list-icon\">\n\t\t\t\t\t\t\t<i aria-hidden=\"true\" class=\"fas fa-phone-alt\"><\/i>\t\t\t\t\t\t<\/span>\n\t\t\t\t\t\t\t\t\t\t<span class=\"elementor-icon-list-text\">Art\u00edstica - Patr\u00e3o: Junior Lima - (54) 99653-1126<\/span>\n\t\t\t\t\t\t\t\t\t\t\t<\/a>\n\t\t\t\t\t\t\t\t\t<\/li>\n\t\t\t\t\t\t\t\t<li class=\"elementor-icon-list-item\">\n\t\t\t\t\t\t\t\t\t\t\t<a href=\"#\">\n\n\t\t\t\t\t\t\t\t\t\t\t\t<span class=\"elementor-icon-list-icon\">\n\t\t\t\t\t\t\t<i aria-hidden=\"true\" class=\"fas fa-phone-alt\"><\/i>\t\t\t\t\t\t<\/span>\n\t\t\t\t\t\t\t\t\t\t<span class=\"elementor-icon-list-text\">Art\u00edstica - Patroa: Fabiana Lima - (54) 99973-9772<\/span>\n\t\t\t\t\t\t\t\t\t\t\t<\/a>\n\t\t\t\t\t\t\t\t\t<\/li>\n\t\t\t\t\t\t\t\t<li class=\"elementor-icon-list-item\">\n\t\t\t\t\t\t\t\t\t\t\t<a href=\"#\">\n\n\t\t\t\t\t\t\t\t\t\t\t\t<span class=\"elementor-icon-list-icon\">\n\t\t\t\t\t\t\t<i aria-hidden=\"true\" class=\"fas fa-phone-alt\"><\/i>\t\t\t\t\t\t<\/span>\n\t\t\t\t\t\t\t\t\t\t<span class=\"elementor-icon-list-text\">Art\u00edstica - Posteiro: Denisson Monks - (54) 99160-6759<\/span>\n\t\t\t\t\t\t\t\t\t\t\t<\/a>\n\t\t\t\t\t\t\t\t\t<\/li>\n\t\t\t\t\t\t\t\t<li class=\"elementor-icon-list-item\">\n\t\t\t\t\t\t\t\t\t\t\t<a href=\"#\">\n\n\t\t\t\t\t\t\t\t\t\t\t\t<span class=\"elementor-icon-list-icon\">\n\t\t\t\t\t\t\t<i aria-hidden=\"true\" class=\"fas fa-phone-alt\"><\/i>\t\t\t\t\t\t<\/span>\n\t\t\t\t\t\t\t\t\t\t<span class=\"elementor-icon-list-text\">Assessoria de imprensa: Anelise Donazzolo - (54) 99131-3696<\/span>\n\t\t\t\t\t\t\t\t\t\t\t<\/a>\n\t\t\t\t\t\t\t\t\t<\/li>\n\t\t\t\t\t\t\t\t<li class=\"elementor-icon-list-item\">\n\t\t\t\t\t\t\t\t\t\t\t<a href=\"#\">\n\n\t\t\t\t\t\t\t\t\t\t\t\t<span class=\"elementor-icon-list-icon\">\n\t\t\t\t\t\t\t<i aria-hidden=\"true\" class=\"fas fa-phone-alt\"><\/i>\t\t\t\t\t\t<\/span>\n\t\t\t\t\t\t\t\t\t\t<span class=\"elementor-icon-list-text\">Campeira - Patr\u00e3o: Elvio Rossi - (54) 9.9972-0292 <\/span>\n\t\t\t\t\t\t\t\t\t\t\t<\/a>\n\t\t\t\t\t\t\t\t\t<\/li>\n\t\t\t\t\t\t\t\t<li class=\"elementor-icon-list-item\">\n\t\t\t\t\t\t\t\t\t\t\t<a href=\"#\">\n\n\t\t\t\t\t\t\t\t\t\t\t\t<span class=\"elementor-icon-list-icon\">\n\t\t\t\t\t\t\t<i aria-hidden=\"true\" class=\"fas fa-phone-alt\"><\/i>\t\t\t\t\t\t<\/span>\n\t\t\t\t\t\t\t\t\t\t<span class=\"elementor-icon-list-text\">Campeira - Inscri\u00e7\u00e3o: Nat\u00e1lia Almeida - (54) 99616-6362<\/span>\n\t\t\t\t\t\t\t\t\t\t\t<\/a>\n\t\t\t\t\t\t\t\t\t<\/li>\n\t\t\t\t\t\t\t\t<li class=\"elementor-icon-list-item\">\n\t\t\t\t\t\t\t\t\t\t\t<a href=\"#\">\n\n\t\t\t\t\t\t\t\t\t\t\t\t<span class=\"elementor-icon-list-icon\">\n\t\t\t\t\t\t\t<i aria-hidden=\"true\" class=\"fas fa-phone-alt\"><\/i>\t\t\t\t\t\t<\/span>\n\t\t\t\t\t\t\t\t\t\t<span class=\"elementor-icon-list-text\">Gineteada: Rafael Goulart - (54) 99948-4148<\/span>\n\t\t\t\t\t\t\t\t\t\t\t<\/a>\n\t\t\t\t\t\t\t\t\t<\/li>\n\t\t\t\t\t\t\t\t<li class=\"elementor-icon-list-item\">\n\t\t\t\t\t\t\t\t\t\t\t<a href=\"#\">\n\n\t\t\t\t\t\t\t\t\t\t\t\t<span class=\"elementor-icon-list-icon\">\n\t\t\t\t\t\t\t<i aria-hidden=\"true\" class=\"fas fa-phone-alt\"><\/i>\t\t\t\t\t\t<\/span>\n\t\t\t\t\t\t\t\t\t\t<span class=\"elementor-icon-list-text\">Vaca Parada: Rodrigo Trevisan - (54)99978-4990<\/span>\n\t\t\t\t\t\t\t\t\t\t\t<\/a>\n\t\t\t\t\t\t\t\t\t<\/li>\n\t\t\t\t\t\t<\/ul>\n\t\t\t\t<\/div>\n\t\t\t\t<\/div>\n\t\t\t\t\t<\/div>\n\t\t<\/div>\n\t\t\t\t<div class=\"elementor-column elementor-col-50 elementor-inner-column elementor-element elementor-element-de31735 sc_inner_width_none sc_content_align_inherit sc_layouts_column_icons_position_left sc_fly_static\" data-id=\"de31735\" data-element_type=\"column\">\n\t\t\t<div class=\"elementor-widget-wrap elementor-element-populated\">\n\t\t\t\t\t\t\t\t<div class=\"elementor-element elementor-element-bf2d966 elementor-icon-list--layout-traditional elementor-list-item-link-full_width sc_fly_static elementor-widget elementor-widget-icon-list\" data-id=\"bf2d966\" data-element_type=\"widget\" data-widget_type=\"icon-list.default\">\n\t\t\t\t<div class=\"elementor-widget-container\">\n\t\t\t\t\t<ul class=\"elementor-icon-list-items\">\n\t\t\t\t\t\t\t<li class=\"elementor-icon-list-item\">\n\t\t\t\t\t\t\t\t\t\t\t<a href=\"#\">\n\n\t\t\t\t\t\t\t\t\t\t\t\t<span class=\"elementor-icon-list-icon\">\n\t\t\t\t\t\t\t<i aria-hidden=\"true\" class=\"fas fa-phone-alt\"><\/i>\t\t\t\t\t\t<\/span>\n\t\t\t\t\t\t\t\t\t\t<span class=\"elementor-icon-list-text\">Capta\u00e7\u00e3o de recursos \/ publicidade: Guilherme Letti - (54) 99978-7861<\/span>\n\t\t\t\t\t\t\t\t\t\t\t<\/a>\n\t\t\t\t\t\t\t\t\t<\/li>\n\t\t\t\t\t\t\t\t<li class=\"elementor-icon-list-item\">\n\t\t\t\t\t\t\t\t\t\t\t<a href=\"#\">\n\n\t\t\t\t\t\t\t\t\t\t\t\t<span class=\"elementor-icon-list-icon\">\n\t\t\t\t\t\t\t<i aria-hidden=\"true\" class=\"fas fa-phone-alt\"><\/i>\t\t\t\t\t\t<\/span>\n\t\t\t\t\t\t\t\t\t\t<span class=\"elementor-icon-list-text\">Comercial: Lucas Ferreira - (54) 99669-9908<\/span>\n\t\t\t\t\t\t\t\t\t\t\t<\/a>\n\t\t\t\t\t\t\t\t\t<\/li>\n\t\t\t\t\t\t\t\t<li class=\"elementor-icon-list-item\">\n\t\t\t\t\t\t\t\t\t\t\t<a href=\"#\">\n\n\t\t\t\t\t\t\t\t\t\t\t\t<span class=\"elementor-icon-list-icon\">\n\t\t\t\t\t\t\t<i aria-hidden=\"true\" class=\"fas fa-phone-alt\"><\/i>\t\t\t\t\t\t<\/span>\n\t\t\t\t\t\t\t\t\t\t<span class=\"elementor-icon-list-text\">Festival: Jo\u00e3o Pedro Rossi - (54) 9.9914-0148<\/span>\n\t\t\t\t\t\t\t\t\t\t\t<\/a>\n\t\t\t\t\t\t\t\t\t<\/li>\n\t\t\t\t\t\t\t\t<li class=\"elementor-icon-list-item\">\n\t\t\t\t\t\t\t\t\t\t\t<a href=\"#\">\n\n\t\t\t\t\t\t\t\t\t\t\t\t<span class=\"elementor-icon-list-icon\">\n\t\t\t\t\t\t\t<i aria-hidden=\"true\" class=\"fas fa-phone-alt\"><\/i>\t\t\t\t\t\t<\/span>\n\t\t\t\t\t\t\t\t\t\t<span class=\"elementor-icon-list-text\">Terrenos - Campeira: Adilson Padilha Xavier - (54) 99938-8528<\/span>\n\t\t\t\t\t\t\t\t\t\t\t<\/a>\n\t\t\t\t\t\t\t\t\t<\/li>\n\t\t\t\t\t\t\t\t<li class=\"elementor-icon-list-item\">\n\t\t\t\t\t\t\t\t\t\t\t<a href=\"#\">\n\n\t\t\t\t\t\t\t\t\t\t\t\t<span class=\"elementor-icon-list-icon\">\n\t\t\t\t\t\t\t<i aria-hidden=\"true\" class=\"fas fa-phone-alt\"><\/i>\t\t\t\t\t\t<\/span>\n\t\t\t\t\t\t\t\t\t\t<span class=\"elementor-icon-list-text\">Terrenos \u2013 Mato: Edir Varela do Amaral - (54) 99275-9486<\/span>\n\t\t\t\t\t\t\t\t\t\t\t<\/a>\n\t\t\t\t\t\t\t\t\t<\/li>\n\t\t\t\t\t\t\t\t<li class=\"elementor-icon-list-item\">\n\t\t\t\t\t\t\t\t\t\t\t<a href=\"#\">\n\n\t\t\t\t\t\t\t\t\t\t\t\t<span class=\"elementor-icon-list-icon\">\n\t\t\t\t\t\t\t<i aria-hidden=\"true\" class=\"fas fa-phone-alt\"><\/i>\t\t\t\t\t\t<\/span>\n\t\t\t\t\t\t\t\t\t\t<span class=\"elementor-icon-list-text\">Pir\u00e2mides: Ros\u00e2ngela - (54) 99959-0580<\/span>\n\t\t\t\t\t\t\t\t\t\t\t<\/a>\n\t\t\t\t\t\t\t\t\t<\/li>\n\t\t\t\t\t\t\t\t<li class=\"elementor-icon-list-item\">\n\t\t\t\t\t\t\t\t\t\t\t<a href=\"#\">\n\n\t\t\t\t\t\t\t\t\t\t\t\t<span class=\"elementor-icon-list-icon\">\n\t\t\t\t\t\t\t<i aria-hidden=\"true\" class=\"fas fa-phone-alt\"><\/i>\t\t\t\t\t\t<\/span>\n\t\t\t\t\t\t\t\t\t\t<span class=\"elementor-icon-list-text\">Alojamentos: Avelino Maciel - (54) 99605-1500<\/span>\n\t\t\t\t\t\t\t\t\t\t\t<\/a>\n\t\t\t\t\t\t\t\t\t<\/li>\n\t\t\t\t\t\t\t\t<li class=\"elementor-icon-list-item\">\n\t\t\t\t\t\t\t\t\t\t\t<a href=\"#\">\n\n\t\t\t\t\t\t\t\t\t\t\t\t<span class=\"elementor-icon-list-icon\">\n\t\t\t\t\t\t\t<i aria-hidden=\"true\" class=\"fas fa-phone-alt\"><\/i>\t\t\t\t\t\t<\/span>\n\t\t\t\t\t\t\t\t\t\t<span class=\"elementor-icon-list-text\">Secretaria CTG Porteira do Rio Grande: (54) 3232-1077 | (54) 3231-1011 |\u00a0(54)\u00a098401-6695<\/span>\n\t\t\t\t\t\t\t\t\t\t\t<\/a>\n\t\t\t\t\t\t\t\t\t<\/li>\n\t\t\t\t\t\t<\/ul>\n\t\t\t\t<\/div>\n\t\t\t\t<\/div>\n\t\t\t\t\t<\/div>\n\t\t<\/div>\n\t\t\t\t\t\t\t<\/div>\n\t\t<\/section>\n\t\t\t\t<div class=\"elementor-element elementor-element-a2d4073 sc_height_large sc_fly_static elementor-widget elementor-widget-spacer\" data-id=\"a2d4073\" data-element_type=\"widget\" data-widget_type=\"spacer.default\">\n\t\t\t\t<div class=\"elementor-widget-container\">\n\t\t\t\t\t<div class=\"elementor-spacer\">\n\t\t\t<div class=\"elementor-spacer-inner\"><\/div>\n\t\t<\/div>\n\t\t\t\t<\/div>\n\t\t\t\t<\/div>\n\t\t\t\t\t<\/div>\n\t\t<\/div>\n\t\t\t\t\t\t\t<\/div>\n\t\t<\/section>\n\t\t\t\t<section class=\"elementor-section elementor-top-section elementor-element elementor-element-5962e44 elementor-section-boxed elementor-section-height-default elementor-section-height-default wpr-particle-no wpr-jarallax-no wpr-parallax-no wpr-sticky-section-no wpr-equal-height-no sc_fly_static\" data-id=\"5962e44\" data-element_type=\"section\">\n\t\t\t\t\t\t<div class=\"elementor-container elementor-column-gap-extended\">\n\t\t\t\t\t<div class=\"elementor-column elementor-col-100 elementor-top-column elementor-element elementor-element-9aae53c sc_inner_width_none sc_content_align_inherit sc_layouts_column_icons_position_left sc_fly_static\" data-id=\"9aae53c\" data-element_type=\"column\">\n\t\t\t<div class=\"elementor-widget-wrap elementor-element-populated\">\n\t\t\t\t\t\t\t\t<div class=\"elementor-element elementor-element-5a2bf65 sc_height_large sc_fly_static elementor-widget elementor-widget-spacer\" data-id=\"5a2bf65\" data-element_type=\"widget\" data-widget_type=\"spacer.default\">\n\t\t\t\t<div class=\"elementor-widget-container\">\n\t\t\t\t\t<div class=\"elementor-spacer\">\n\t\t\t<div class=\"elementor-spacer-inner\"><\/div>\n\t\t<\/div>\n\t\t\t\t<\/div>\n\t\t\t\t<\/div>\n\t\t\t\t<section class=\"elementor-section elementor-inner-section elementor-element elementor-element-154b1c3 elementor-section-boxed elementor-section-height-default elementor-section-height-default wpr-particle-no wpr-jarallax-no wpr-parallax-no wpr-sticky-section-no wpr-equal-height-no sc_fly_static\" data-id=\"154b1c3\" data-element_type=\"section\" data-settings=\"{&quot;background_background&quot;:&quot;classic&quot;}\">\n\t\t\t\t\t\t<div class=\"elementor-container elementor-column-gap-no\">\n\t\t\t\t\t<div class=\"elementor-column elementor-col-33 elementor-inner-column elementor-element elementor-element-2f48f13 sc_inner_width_none sc_content_align_inherit sc_layouts_column_icons_position_left sc_fly_static\" data-id=\"2f48f13\" data-element_type=\"column\">\n\t\t\t<div class=\"elementor-widget-wrap elementor-element-populated\">\n\t\t\t\t\t\t\t\t<div class=\"elementor-element elementor-element-9a9945c sc_layouts_hide_on_mobile sc_fly_static elementor-widget elementor-widget-spacer\" data-id=\"9a9945c\" data-element_type=\"widget\" data-widget_type=\"spacer.default\">\n\t\t\t\t<div class=\"elementor-widget-container\">\n\t\t\t\t\t<div class=\"elementor-spacer\">\n\t\t\t<div class=\"elementor-spacer-inner\"><\/div>\n\t\t<\/div>\n\t\t\t\t<\/div>\n\t\t\t\t<\/div>\n\t\t\t\t<div class=\"elementor-element elementor-element-a82c94e sc_fly_static elementor-widget elementor-widget-trx_sc_title\" data-id=\"a82c94e\" data-element_type=\"widget\" data-widget_type=\"trx_sc_title.default\">\n\t\t\t\t<div class=\"elementor-widget-container\">\n\t\t\t<div\t\tclass=\"sc_title sc_title_default\" ><h4 class=\"sc_item_title sc_title_title sc_item_title_style_default sc_item_title_tag\"\n\t\t\t><span class=\"sc_item_title_text\">Restou Alguma D\u00favida?<\/span><\/h4><\/div>\t\t<\/div>\n\t\t\t\t<\/div>\n\t\t\t\t<div class=\"elementor-element elementor-element-0594ee0 sc_fly_static elementor-widget elementor-widget-spacer\" data-id=\"0594ee0\" data-element_type=\"widget\" data-widget_type=\"spacer.default\">\n\t\t\t\t<div class=\"elementor-widget-container\">\n\t\t\t\t\t<div class=\"elementor-spacer\">\n\t\t\t<div class=\"elementor-spacer-inner\"><\/div>\n\t\t<\/div>\n\t\t\t\t<\/div>\n\t\t\t\t<\/div>\n\t\t\t\t<div class=\"elementor-element elementor-element-2979c40 sc_fly_static elementor-widget elementor-widget-text-editor\" data-id=\"2979c40\" data-element_type=\"widget\" data-widget_type=\"text-editor.default\">\n\t\t\t\t<div class=\"elementor-widget-container\">\n\t\t\t\t\t\t\t<p>Preencha o Formul\u00e1rio com sua d\u00favida ou necessidade e retornaremos em contato com voc\u00ea.<\/p>\t\t\t\t\t\t<\/div>\n\t\t\t\t<\/div>\n\t\t\t\t<div class=\"elementor-element elementor-element-8278c1d sc_fly_static elementor-widget elementor-widget-trx_sc_icons\" data-id=\"8278c1d\" data-element_type=\"widget\" data-widget_type=\"trx_sc_icons.default\">\n\t\t\t\t<div class=\"elementor-widget-container\">\n\t\t\t<div \tclass=\"sc_icons sc_icons_simple sc_icons_size_small sc_align_none\" ><div class=\"sc_icons_item with_more\"><div class=\"sc_icons_item_details\"><div class=\"sc_icons_item_description\"><span><a href = \"https:\/\/maps.app.goo.gl\/hhbU6MTBuhLcMiwe9\">C.T.G. Porteira do Rio Grande - R. Firmino C Branco, 790 - Franco, Vacaria - RS, 95200-000<\/a><\/span><\/div><\/div><\/div><div class=\"sc_icons_item with_more\"><div class=\"sc_icons_item_details\"><div class=\"sc_icons_item_description\"><span><a href=\"rodeiointernacionaldevacaria@gmail.com\">rodeiointernacionaldevacaria@gmail.com<\/a><\/span><\/div><\/div><\/div><\/div><!-- \/.sc_icons -->\t\t<\/div>\n\t\t\t\t<\/div>\n\t\t\t\t<div class=\"elementor-element elementor-element-04cc8a1 sc_fly_static elementor-widget elementor-widget-spacer\" data-id=\"04cc8a1\" data-element_type=\"widget\" data-widget_type=\"spacer.default\">\n\t\t\t\t<div class=\"elementor-widget-container\">\n\t\t\t\t\t<div class=\"elementor-spacer\">\n\t\t\t<div class=\"elementor-spacer-inner\"><\/div>\n\t\t<\/div>\n\t\t\t\t<\/div>\n\t\t\t\t<\/div>\n\t\t\t\t<div class=\"elementor-element elementor-element-8c03134 sc_fly_static elementor-widget elementor-widget-trx_sc_socials\" data-id=\"8c03134\" data-element_type=\"widget\" data-widget_type=\"trx_sc_socials.default\">\n\t\t\t\t<div class=\"elementor-widget-container\">\n\t\t\t<div  \n\t\tclass=\"sc_socials sc_socials_default sc_align_none\" ><div class=\"socials_wrap sc_item_content\"><a target=\"_blank\" href=\"https:\/\/www.instagram.com\/ctgporteiradoriogrande\/\" class=\"social_item social_item_style_icons sc_icon_type_icons social_item_type_icons\"><span class=\"social_icon social_icon_instagram\" style=\"\"><span class=\"icon-instagram\"><\/span><\/span><\/a><a target=\"_blank\" href=\"https:\/\/www.facebook.com\/RodeioCriouloInternacionaldeVacaria\" class=\"social_item social_item_style_icons sc_icon_type_icons social_item_type_icons\"><span class=\"social_icon social_icon_facebook-1\" style=\"\"><span class=\"icon-facebook-1\"><\/span><\/span><\/a><a target=\"_blank\" href=\"https:\/\/www.youtube.com\/@ctgporteiradoriogrande7327\" class=\"social_item social_item_style_icons sc_icon_type_icons social_item_type_icons\"><span class=\"social_icon social_icon_youtube\" style=\"\"><span class=\"icon-youtube\"><\/span><\/span><\/a><a target=\"_blank\" href=\"https:\/\/open.spotify.com\/intl-pt\/artist\/77yUUe1Ni4CU8tG438TYHV?si=xiI2Qu_xSlu-V15te7AOPg\" class=\"social_item social_item_style_icons sc_icon_type_icons social_item_type_icons\"><span class=\"social_icon social_icon_spotify\" style=\"\"><span class=\"icon-spotify\"><\/span><\/span><\/a><\/div><\/div>\t\t<\/div>\n\t\t\t\t<\/div>\n\t\t\t\t<div class=\"elementor-element elementor-element-449e67f sc_height_medium sc_layouts_hide_on_wide sc_layouts_hide_on_desktop sc_layouts_hide_on_notebook sc_layouts_hide_on_tablet sc_fly_static elementor-widget elementor-widget-spacer\" data-id=\"449e67f\" data-element_type=\"widget\" data-widget_type=\"spacer.default\">\n\t\t\t\t<div class=\"elementor-widget-container\">\n\t\t\t\t\t<div class=\"elementor-spacer\">\n\t\t\t<div class=\"elementor-spacer-inner\"><\/div>\n\t\t<\/div>\n\t\t\t\t<\/div>\n\t\t\t\t<\/div>\n\t\t\t\t\t<\/div>\n\t\t<\/div>\n\t\t\t\t<div class=\"elementor-column elementor-col-66 elementor-inner-column elementor-element elementor-element-6f51ef1 sc_inner_width_none sc_content_align_inherit sc_layouts_column_icons_position_left sc_fly_static\" data-id=\"6f51ef1\" data-element_type=\"column\">\n\t\t\t<div class=\"elementor-widget-wrap elementor-element-populated\">\n\t\t\t\t\t\t\t\t<div class=\"elementor-element elementor-element-7317bac sc_fly_static elementor-widget elementor-widget-trx_sc_contact_form_7\" data-id=\"7317bac\" data-element_type=\"widget\" data-widget_type=\"trx_sc_contact_form_7.default\">\n\t\t\t\t<div class=\"elementor-widget-container\">\n\t\t\t\n<div class=\"wpcf7 no-js\" id=\"wpcf7-f1324-o1\" lang=\"en-US\" dir=\"ltr\">\n<div class=\"screen-reader-response\"><p role=\"status\" aria-live=\"polite\" aria-atomic=\"true\"><\/p> <ul><\/ul><\/div>\n<form action=\"\/2026\/wp-json\/wp\/v2\/pages\/23561#wpcf7-f1324-o1\" method=\"post\" class=\"wpcf7-form init\" aria-label=\"Contact form\" novalidate=\"novalidate\" data-status=\"init\">\n<div style=\"display: none;\">\n<input type=\"hidden\" name=\"_wpcf7\" value=\"1324\" \/>\n<input type=\"hidden\" name=\"_wpcf7_version\" value=\"5.8.4\" \/>\n<input type=\"hidden\" name=\"_wpcf7_locale\" value=\"en_US\" \/>\n<input type=\"hidden\" name=\"_wpcf7_unit_tag\" value=\"wpcf7-f1324-o1\" \/>\n<input type=\"hidden\" name=\"_wpcf7_container_post\" value=\"0\" \/>\n<input type=\"hidden\" name=\"_wpcf7_posted_data_hash\" value=\"\" \/>\n<\/div>\n<div class=\"form-style-3\">\n\t<div class=\"columns_wrap\">\n\t\t<div class=\"column-1_2\">\n\t\t\t<p><span class=\"style-line icon-name\"><span class=\"wpcf7-form-control-wrap\" data-name=\"your-name\"><input size=\"40\" class=\"wpcf7-form-control wpcf7-text wpcf7-validates-as-required\" aria-required=\"true\" aria-invalid=\"false\" placeholder=\"Nome\" value=\"\" type=\"text\" name=\"your-name\" \/><\/span><\/span>\n\t\t\t<\/p>\n\t\t<\/div>\n\t\t<div class=\"column-1_2\">\n\t\t\t<p><span class=\"style-line icon-email\"><span class=\"wpcf7-form-control-wrap\" data-name=\"your-email\"><input size=\"40\" class=\"wpcf7-form-control wpcf7-email wpcf7-validates-as-required wpcf7-text wpcf7-validates-as-email\" aria-required=\"true\" aria-invalid=\"false\" placeholder=\"E-mail\" value=\"\" type=\"email\" name=\"your-email\" \/><\/span><\/span>\n\t\t\t<\/p>\n\t\t<\/div>\n\t<\/div>\n\t<div class=\"columns_wrap\">\n\t\t<div class=\"column-1_2\">\n\t\t\t<p><span class=\"style-line icon-phone\"><span class=\"wpcf7-form-control-wrap\" data-name=\"phone\"><input size=\"40\" class=\"wpcf7-form-control wpcf7-tel wpcf7-validates-as-required wpcf7-text wpcf7-validates-as-tel\" aria-required=\"true\" aria-invalid=\"false\" placeholder=\"Telefone\" value=\"\" type=\"tel\" name=\"phone\" \/><\/span><\/span>\n\t\t\t<\/p>\n\t\t<\/div>\n\t\t<div class=\"column-1_2\">\n\t\t\t<p><span class=\"style-line icon-subject\"><span class=\"wpcf7-form-control-wrap\" data-name=\"subject\"><input size=\"40\" class=\"wpcf7-form-control wpcf7-text wpcf7-validates-as-required\" aria-required=\"true\" aria-invalid=\"false\" placeholder=\"Assunto\" value=\"\" type=\"text\" name=\"subject\" \/><\/span><\/span>\n\t\t\t<\/p>\n\t\t<\/div>\n\t<\/div>\n\t<div class=\"columns_wrap margin-bottom\">\n\t\t<div class=\"column-1_1\">\n\t\t\t<p><span class=\"style-line icon-textarea\"><span class=\"wpcf7-form-control-wrap\" data-name=\"your-message\"><textarea cols=\"40\" rows=\"10\" class=\"wpcf7-form-control wpcf7-textarea wpcf7-validates-as-required\" aria-required=\"true\" aria-invalid=\"false\" placeholder=\"Digite sua Mensagem\" name=\"your-message\"><\/textarea><\/span><\/span>\n\t\t\t<\/p>\n\t\t<\/div>\n\t<\/div>\n\t<p><input class=\"wpcf7-form-control wpcf7-submit has-spinner\" type=\"submit\" value=\"Enviar\" \/><span class=\"wpcf7-form-control-wrap\" data-name=\"acceptance\"><span class=\"wpcf7-form-control wpcf7-acceptance\"><span class=\"wpcf7-list-item\"><label><input type=\"checkbox\" name=\"acceptance\" value=\"1\" aria-invalid=\"false\" \/><span class=\"wpcf7-list-item-label\">Aceito que meus dados sejam enviados e salvos.<\/span><\/label><\/span><\/span><\/span>\n\t<\/p>\n<\/div><div class=\"wpcf7-response-output\" aria-hidden=\"true\"><\/div>\n<\/form>\n<\/div>\n\t\t<\/div>\n\t\t\t\t<\/div>\n\t\t\t\t\t<\/div>\n\t\t<\/div>\n\t\t\t\t\t\t\t<\/div>\n\t\t<\/section>\n\t\t\t\t<div class=\"elementor-element elementor-element-53ac9d7 sc_height_medium sc_fly_static elementor-widget elementor-widget-spacer\" data-id=\"53ac9d7\" data-element_type=\"widget\" data-widget_type=\"spacer.default\">\n\t\t\t\t<div class=\"elementor-widget-container\">\n\t\t\t\t\t<div class=\"elementor-spacer\">\n\t\t\t<div class=\"elementor-spacer-inner\"><\/div>\n\t\t<\/div>\n\t\t\t\t<\/div>\n\t\t\t\t<\/div>\n\t\t\t\t\t<\/div>\n\t\t<\/div>\n\t\t\t\t\t\t\t<\/div>\n\t\t<\/section>\n\t\t\t\t<section class=\"elementor-section elementor-top-section elementor-element elementor-element-3d92d5e8 elementor-section-boxed elementor-section-height-default elementor-section-height-default wpr-particle-no wpr-jarallax-no wpr-parallax-no wpr-sticky-section-no wpr-equal-height-no sc_fly_static\" data-id=\"3d92d5e8\" data-element_type=\"section\">\n\t\t\t\t\t\t<div class=\"elementor-container elementor-column-gap-extended\">\n\t\t\t\t\t<div class=\"elementor-column elementor-col-100 elementor-top-column elementor-element elementor-element-309f5a47 sc_inner_width_none sc_content_align_inherit sc_layouts_column_icons_position_left sc_fly_static\" data-id=\"309f5a47\" data-element_type=\"column\">\n\t\t\t<div class=\"elementor-widget-wrap elementor-element-populated\">\n\t\t\t\t\t\t\t\t<div class=\"elementor-element elementor-element-66b94472 sc_height_medium sc_fly_static elementor-widget elementor-widget-spacer\" data-id=\"66b94472\" data-element_type=\"widget\" data-widget_type=\"spacer.default\">\n\t\t\t\t<div class=\"elementor-widget-container\">\n\t\t\t\t\t<div class=\"elementor-spacer\">\n\t\t\t<div class=\"elementor-spacer-inner\"><\/div>\n\t\t<\/div>\n\t\t\t\t<\/div>\n\t\t\t\t<\/div>\n\t\t\t\t<section class=\"elementor-section elementor-inner-section elementor-element elementor-element-5f5af404 elementor-section-boxed elementor-section-height-default elementor-section-height-default wpr-particle-no wpr-jarallax-no wpr-parallax-no wpr-sticky-section-no wpr-equal-height-no sc_fly_static\" data-id=\"5f5af404\" data-element_type=\"section\">\n\t\t\t\t\t\t<div class=\"elementor-container elementor-column-gap-extended\">\n\t\t\t\t\t<div class=\"elementor-column elementor-col-50 elementor-inner-column elementor-element elementor-element-57748dd3 sc_inner_width_none sc_content_align_inherit sc_layouts_column_icons_position_left sc_fly_static\" data-id=\"57748dd3\" data-element_type=\"column\">\n\t\t\t<div class=\"elementor-widget-wrap elementor-element-populated\">\n\t\t\t\t\t\t\t\t<div class=\"elementor-element elementor-element-7895dfb1 sc_fly_static elementor-widget elementor-widget-trx_sc_title\" data-id=\"7895dfb1\" data-element_type=\"widget\" data-widget_type=\"trx_sc_title.default\">\n\t\t\t\t<div class=\"elementor-widget-container\">\n\t\t\t<div\t\tclass=\"sc_title sc_title_default\" ><span class=\"sc_item_subtitle sc_title_subtitle sc_align_center sc_item_subtitle_above sc_item_title_style_default\">Aproveite Tamb\u00e9m!<\/span><h1 class=\"sc_item_title sc_title_title sc_align_center sc_item_title_style_default sc_item_title_tag\"\n\t\t\t><span class=\"sc_item_title_text\">Conhe\u00e7a Nosso Site<\/span><\/h1><\/div>\t\t<\/div>\n\t\t\t\t<\/div>\n\t\t\t\t<div class=\"elementor-element elementor-element-6452776a sc_fly_static elementor-widget elementor-widget-text-editor\" data-id=\"6452776a\" data-element_type=\"widget\" data-widget_type=\"text-editor.default\">\n\t\t\t\t<div class=\"elementor-widget-container\">\n\t\t\t\t\t\t\t<p>O C.T.G. Porteira do Rio Grande possui 70 anos de exist\u00eancia e organiza o Rodeio Internacional de Vacaria.<\/p>\t\t\t\t\t\t<\/div>\n\t\t\t\t<\/div>\n\t\t\t\t\t<\/div>\n\t\t<\/div>\n\t\t\t\t<div class=\"elementor-column elementor-col-50 elementor-inner-column elementor-element elementor-element-2a683ab4 sc_inner_width_none sc_content_align_inherit sc_layouts_column_icons_position_left sc_fly_static\" data-id=\"2a683ab4\" data-element_type=\"column\">\n\t\t\t<div class=\"elementor-widget-wrap elementor-element-populated\">\n\t\t\t\t\t\t\t\t<div class=\"elementor-element elementor-element-5f3016e3 sc_fly_static elementor-widget elementor-widget-image\" data-id=\"5f3016e3\" data-element_type=\"widget\" data-widget_type=\"image.default\">\n\t\t\t\t<div class=\"elementor-widget-container\">\n\t\t\t\t\t\t\t\t\t\t\t\t\t\t\t\t<a href=\"https:\/\/ctgporteiradoriogrande.com.br\/\">\n\t\t\t\t\t\t\t<img decoding=\"async\" width=\"271\" height=\"134\" src=\"https:\/\/rodeiodevacaria.com\/2026\/wp-content\/uploads\/2024\/01\/logo-rodape.png\" class=\"attachment-full size-full wp-image-22914\" alt=\"\" \/>\t\t\t\t\t\t\t\t<\/a>\n\t\t\t\t\t\t\t\t\t\t\t\t\t\t\t<\/div>\n\t\t\t\t<\/div>\n\t\t\t\t<div class=\"elementor-element elementor-element-6a7e1723 sc_fly_static elementor-widget elementor-widget-trx_sc_button\" data-id=\"6a7e1723\" data-element_type=\"widget\" data-widget_type=\"trx_sc_button.default\">\n\t\t\t\t<div class=\"elementor-widget-container\">\n\t\t\t<div\tclass=\"sc_item_button sc_button_wrap sc_align_center\" ><a href=\"https:\/\/ctgporteiradoriogrande.com.br\/\" class=\"sc_button sc_button_default sc_button_size_normal sc_button_icon_left\" ><span class=\"sc_button_text\"><span class=\"sc_button_title\">Visite Agora!<\/span><\/span><\/a><\/div>\t\t<\/div>\n\t\t\t\t<\/div>\n\t\t\t\t\t<\/div>\n\t\t<\/div>\n\t\t\t\t\t\t\t<\/div>\n\t\t<\/section>\n\t\t\t\t<div class=\"elementor-element elementor-element-77371fc3 sc_height_medium sc_fly_static elementor-widget elementor-widget-spacer\" data-id=\"77371fc3\" data-element_type=\"widget\" data-widget_type=\"spacer.default\">\n\t\t\t\t<div class=\"elementor-widget-container\">\n\t\t\t\t\t<div class=\"elementor-spacer\">\n\t\t\t<div class=\"elementor-spacer-inner\"><\/div>\n\t\t<\/div>\n\t\t\t\t<\/div>\n\t\t\t\t<\/div>\n\t\t\t\t\t<\/div>\n\t\t<\/div>\n\t\t\t\t\t\t\t<\/div>\n\t\t<\/section>\n\t\t\t\t\t\t\t<\/div>\n\t\t","protected":false},"excerpt":{"rendered":"<p>Participe de todos os eventos Programa\u00e7\u00f5es Acesse aqui a programa\u00e7\u00e3o completa do 36\u00ba Rodeio Crioulo Internacional de Vacaria Programa\u00e7\u00e3o Art\u00edsticaPrograma\u00e7\u00e3o XI RCNATPrograma\u00e7\u00e3o Campeira Programa\u00e7\u00e3o FestivalShowsBailes Art\u00edstica 31\/01\/2026 &#8211; S\u00c1BADO 9h&hellip;<\/p>\n","protected":false},"author":1,"featured_media":0,"parent":0,"menu_order":0,"comment_status":"closed","ping_status":"closed","template":"","meta":[],"yoast_head":"<!-- This site is optimized with the Yoast SEO plugin v21.8 - https:\/\/yoast.com\/wordpress\/plugins\/seo\/ -->\n<title>Programa\u00e7\u00e3o - Rodeio Internacional de Vacaria\/RS<\/title>\n<meta name=\"robots\" content=\"index, follow, max-snippet:-1, max-image-preview:large, max-video-preview:-1\" \/>\n<link rel=\"canonical\" href=\"https:\/\/rodeiodevacaria.com\/2026\/programacao\/\" \/>\n<meta property=\"og:locale\" content=\"pt_BR\" \/>\n<meta property=\"og:type\" content=\"article\" \/>\n<meta property=\"og:title\" content=\"Programa\u00e7\u00e3o - Rodeio Internacional de Vacaria\/RS\" \/>\n<meta property=\"og:description\" content=\"Participe de todos os eventos Programa\u00e7\u00f5es Acesse aqui a programa\u00e7\u00e3o completa do 36\u00ba Rodeio Crioulo Internacional de Vacaria Programa\u00e7\u00e3o Art\u00edsticaPrograma\u00e7\u00e3o XI RCNATPrograma\u00e7\u00e3o Campeira Programa\u00e7\u00e3o FestivalShowsBailes Art\u00edstica 31\/01\/2026 &#8211; S\u00c1BADO 9h&hellip;\" \/>\n<meta property=\"og:url\" content=\"https:\/\/rodeiodevacaria.com\/2026\/programacao\/\" \/>\n<meta property=\"og:site_name\" content=\"Rodeio Internacional de Vacaria\/RS\" \/>\n<meta property=\"article:modified_time\" content=\"2025-11-25T19:11:54+00:00\" \/>\n<meta property=\"og:image\" content=\"https:\/\/rodeiodevacaria.com\/2026\/wp-content\/uploads\/2024\/01\/logo-rodape.png\" \/>\n<meta name=\"twitter:card\" content=\"summary_large_image\" \/>\n<meta name=\"twitter:label1\" content=\"Est. tempo de leitura\" \/>\n\t<meta name=\"twitter:data1\" content=\"17 minutos\" \/>\n<script type=\"application\/ld+json\" class=\"yoast-schema-graph\">{\"@context\":\"https:\/\/schema.org\",\"@graph\":[{\"@type\":\"WebPage\",\"@id\":\"https:\/\/rodeiodevacaria.com\/2026\/programacao\/\",\"url\":\"https:\/\/rodeiodevacaria.com\/2026\/programacao\/\",\"name\":\"Programa\u00e7\u00e3o - Rodeio Internacional de Vacaria\/RS\",\"isPartOf\":{\"@id\":\"https:\/\/rodeiodevacaria.com\/2026\/#website\"},\"datePublished\":\"2024-01-06T22:54:56+00:00\",\"dateModified\":\"2025-11-25T19:11:54+00:00\",\"breadcrumb\":{\"@id\":\"https:\/\/rodeiodevacaria.com\/2026\/programacao\/#breadcrumb\"},\"inLanguage\":\"pt-BR\",\"potentialAction\":[{\"@type\":\"ReadAction\",\"target\":[\"https:\/\/rodeiodevacaria.com\/2026\/programacao\/\"]}]},{\"@type\":\"BreadcrumbList\",\"@id\":\"https:\/\/rodeiodevacaria.com\/2026\/programacao\/#breadcrumb\",\"itemListElement\":[{\"@type\":\"ListItem\",\"position\":1,\"name\":\"In\u00edcio\",\"item\":\"https:\/\/rodeiodevacaria.com\/2026\/\"},{\"@type\":\"ListItem\",\"position\":2,\"name\":\"Programa\u00e7\u00e3o\"}]},{\"@type\":\"WebSite\",\"@id\":\"https:\/\/rodeiodevacaria.com\/2026\/#website\",\"url\":\"https:\/\/rodeiodevacaria.com\/2026\/\",\"name\":\"Rodeio Internacional de Vacaria\/RS\",\"description\":\"\",\"publisher\":{\"@id\":\"https:\/\/rodeiodevacaria.com\/2026\/#organization\"},\"potentialAction\":[{\"@type\":\"SearchAction\",\"target\":{\"@type\":\"EntryPoint\",\"urlTemplate\":\"https:\/\/rodeiodevacaria.com\/2026\/?s={search_term_string}\"},\"query-input\":\"required name=search_term_string\"}],\"inLanguage\":\"pt-BR\"},{\"@type\":\"Organization\",\"@id\":\"https:\/\/rodeiodevacaria.com\/2026\/#organization\",\"name\":\"Rodeio Internacional de Vacaria\/RS\",\"url\":\"https:\/\/rodeiodevacaria.com\/2026\/\",\"logo\":{\"@type\":\"ImageObject\",\"inLanguage\":\"pt-BR\",\"@id\":\"https:\/\/rodeiodevacaria.com\/2026\/#\/schema\/logo\/image\/\",\"url\":\"https:\/\/rodeiodevacaria.com\/2026\/wp-content\/uploads\/2021\/11\/Imagem_do_WhatsApp_de_2025-10-28_a_s__13.58.54_9b2e606b-removebg-preview.png\",\"contentUrl\":\"https:\/\/rodeiodevacaria.com\/2026\/wp-content\/uploads\/2021\/11\/Imagem_do_WhatsApp_de_2025-10-28_a_s__13.58.54_9b2e606b-removebg-preview.png\",\"width\":504,\"height\":496,\"caption\":\"Rodeio Internacional de Vacaria\/RS\"},\"image\":{\"@id\":\"https:\/\/rodeiodevacaria.com\/2026\/#\/schema\/logo\/image\/\"}}]}<\/script>\n<!-- \/ Yoast SEO plugin. -->","yoast_head_json":{"title":"Programa\u00e7\u00e3o - Rodeio Internacional de Vacaria\/RS","robots":{"index":"index","follow":"follow","max-snippet":"max-snippet:-1","max-image-preview":"max-image-preview:large","max-video-preview":"max-video-preview:-1"},"canonical":"https:\/\/rodeiodevacaria.com\/2026\/programacao\/","og_locale":"pt_BR","og_type":"article","og_title":"Programa\u00e7\u00e3o - Rodeio Internacional de Vacaria\/RS","og_description":"Participe de todos os eventos Programa\u00e7\u00f5es Acesse aqui a programa\u00e7\u00e3o completa do 36\u00ba Rodeio Crioulo Internacional de Vacaria Programa\u00e7\u00e3o Art\u00edsticaPrograma\u00e7\u00e3o XI RCNATPrograma\u00e7\u00e3o Campeira Programa\u00e7\u00e3o FestivalShowsBailes Art\u00edstica 31\/01\/2026 &#8211; S\u00c1BADO 9h&hellip;","og_url":"https:\/\/rodeiodevacaria.com\/2026\/programacao\/","og_site_name":"Rodeio Internacional de Vacaria\/RS","article_modified_time":"2025-11-25T19:11:54+00:00","og_image":[{"url":"https:\/\/rodeiodevacaria.com\/2026\/wp-content\/uploads\/2024\/01\/logo-rodape.png"}],"twitter_card":"summary_large_image","twitter_misc":{"Est. tempo de leitura":"17 minutos"},"schema":{"@context":"https:\/\/schema.org","@graph":[{"@type":"WebPage","@id":"https:\/\/rodeiodevacaria.com\/2026\/programacao\/","url":"https:\/\/rodeiodevacaria.com\/2026\/programacao\/","name":"Programa\u00e7\u00e3o - Rodeio Internacional de Vacaria\/RS","isPartOf":{"@id":"https:\/\/rodeiodevacaria.com\/2026\/#website"},"datePublished":"2024-01-06T22:54:56+00:00","dateModified":"2025-11-25T19:11:54+00:00","breadcrumb":{"@id":"https:\/\/rodeiodevacaria.com\/2026\/programacao\/#breadcrumb"},"inLanguage":"pt-BR","potentialAction":[{"@type":"ReadAction","target":["https:\/\/rodeiodevacaria.com\/2026\/programacao\/"]}]},{"@type":"BreadcrumbList","@id":"https:\/\/rodeiodevacaria.com\/2026\/programacao\/#breadcrumb","itemListElement":[{"@type":"ListItem","position":1,"name":"In\u00edcio","item":"https:\/\/rodeiodevacaria.com\/2026\/"},{"@type":"ListItem","position":2,"name":"Programa\u00e7\u00e3o"}]},{"@type":"WebSite","@id":"https:\/\/rodeiodevacaria.com\/2026\/#website","url":"https:\/\/rodeiodevacaria.com\/2026\/","name":"Rodeio Internacional de Vacaria\/RS","description":"","publisher":{"@id":"https:\/\/rodeiodevacaria.com\/2026\/#organization"},"potentialAction":[{"@type":"SearchAction","target":{"@type":"EntryPoint","urlTemplate":"https:\/\/rodeiodevacaria.com\/2026\/?s={search_term_string}"},"query-input":"required name=search_term_string"}],"inLanguage":"pt-BR"},{"@type":"Organization","@id":"https:\/\/rodeiodevacaria.com\/2026\/#organization","name":"Rodeio Internacional de Vacaria\/RS","url":"https:\/\/rodeiodevacaria.com\/2026\/","logo":{"@type":"ImageObject","inLanguage":"pt-BR","@id":"https:\/\/rodeiodevacaria.com\/2026\/#\/schema\/logo\/image\/","url":"https:\/\/rodeiodevacaria.com\/2026\/wp-content\/uploads\/2021\/11\/Imagem_do_WhatsApp_de_2025-10-28_a_s__13.58.54_9b2e606b-removebg-preview.png","contentUrl":"https:\/\/rodeiodevacaria.com\/2026\/wp-content\/uploads\/2021\/11\/Imagem_do_WhatsApp_de_2025-10-28_a_s__13.58.54_9b2e606b-removebg-preview.png","width":504,"height":496,"caption":"Rodeio Internacional de Vacaria\/RS"},"image":{"@id":"https:\/\/rodeiodevacaria.com\/2026\/#\/schema\/logo\/image\/"}}]}},"_links":{"self":[{"href":"https:\/\/rodeiodevacaria.com\/2026\/wp-json\/wp\/v2\/pages\/23561"}],"collection":[{"href":"https:\/\/rodeiodevacaria.com\/2026\/wp-json\/wp\/v2\/pages"}],"about":[{"href":"https:\/\/rodeiodevacaria.com\/2026\/wp-json\/wp\/v2\/types\/page"}],"author":[{"embeddable":true,"href":"https:\/\/rodeiodevacaria.com\/2026\/wp-json\/wp\/v2\/users\/1"}],"replies":[{"embeddable":true,"href":"https:\/\/rodeiodevacaria.com\/2026\/wp-json\/wp\/v2\/comments?post=23561"}],"version-history":[{"count":132,"href":"https:\/\/rodeiodevacaria.com\/2026\/wp-json\/wp\/v2\/pages\/23561\/revisions"}],"predecessor-version":[{"id":26951,"href":"https:\/\/rodeiodevacaria.com\/2026\/wp-json\/wp\/v2\/pages\/23561\/revisions\/26951"}],"wp:attachment":[{"href":"https:\/\/rodeiodevacaria.com\/2026\/wp-json\/wp\/v2\/media?parent=23561"}],"curies":[{"name":"wp","href":"https:\/\/api.w.org\/{rel}","templated":true}]}}